{"id":51617,"date":"2025-06-17T08:52:53","date_gmt":"2025-06-17T11:52:53","guid":{"rendered":"https:\/\/itr.ufrrj.br\/portal\/?page_id=51617"},"modified":"2025-06-17T08:54:07","modified_gmt":"2025-06-17T11:54:07","slug":"noticias","status":"publish","type":"page","link":"https:\/\/itr.ufrrj.br\/portal\/noticias\/","title":{"rendered":"Not\u00edcias"},"content":{"rendered":"<div class=\"wp-block-group alignfull has-background eplus-wrapper eplus-styles-uid-c8a50e\" style=\"background-color:#f4f4f4\"><div class=\"wp-block-group__inner-container is-layout-constrained wp-block-group-is-layout-constrained\"><div class=\"wp-block-group eplus-wrapper eplus-styles-uid-0698b7\"><div class=\"wp-block-group__inner-container is-layout-constrained wp-block-group-is-layout-constrained\">\n<h1 class=\" wp-block-heading eplus-wrapper\">Not\u00edcias do Instituto Tr\u00eas Rios\/UFRRJ<\/h1>\n\n\n<div class=\"grid-2025-noticias wp-block-query eplus-wrapper is-layout-flow wp-block-query-is-layout-flow eplus-styles-uid-6990c9\"><ul class=\"columns-2 wp-block-post-template is-layout-grid wp-container-core-post-template-is-layout-02493678 wp-block-post-template-is-layout-grid\"><li class=\"wp-block-post post-55038 post type-post status-publish format-standard has-post-thumbnail hentry category-eventos-no-itr category-blog_noticias\"><a href=\"https:\/\/itr.ufrrj.br\/portal\/microssistema-dos-juizados-especiais-em-perspectiva\/\" class=\"wp-block-tiptip-hyperlink-group-block\"><div class=\"wp-block-columns eplus-wrapper is-layout-flex wp-container-core-columns-is-layout-28f84493 wp-block-columns-is-layout-flex eplus-styles-uid-8893d4 eplus-styles-uid-432f43 eplus-styles-uid-432f43\"><div class=\"wp-block-column eplus-wrapper is-layout-flow wp-block-column-is-layout-flow eplus-styles-uid-83155b\" style=\"flex-basis:240px\"><div class=\" wp-block-cover alignfull eplus-wrapper eplus-styles-uid-280c62\" style=\"min-height:266px;aspect-ratio:unset;\"><span aria-hidden=\"true\" class=\"wp-block-cover__background has-background-dim-0 has-background-dim\" style=\"background-color:#5e6c4b\"><\/span><img loading=\"lazy\" decoding=\"async\" width=\"1241\" height=\"1754\" src=\"https:\/\/itr.ufrrj.br\/portal\/wp-content\/uploads\/2026\/08\/3ceffb747bca63912805216842bc0055_page-0001.jpg\" class=\"wp-block-cover__image-background wp-post-image\" alt=\"\" data-object-fit=\"cover\" srcset=\"https:\/\/itr.ufrrj.br\/portal\/wp-content\/uploads\/2026\/08\/3ceffb747bca63912805216842bc0055_page-0001.jpg 1241w, https:\/\/itr.ufrrj.br\/portal\/wp-content\/uploads\/2026\/08\/3ceffb747bca63912805216842bc0055_page-0001-212x300.jpg 212w, https:\/\/itr.ufrrj.br\/portal\/wp-content\/uploads\/2026\/08\/3ceffb747bca63912805216842bc0055_page-0001-725x1024.jpg 725w, https:\/\/itr.ufrrj.br\/portal\/wp-content\/uploads\/2026\/08\/3ceffb747bca63912805216842bc0055_page-0001-768x1085.jpg 768w, https:\/\/itr.ufrrj.br\/portal\/wp-content\/uploads\/2026\/08\/3ceffb747bca63912805216842bc0055_page-0001-1087x1536.jpg 1087w, https:\/\/itr.ufrrj.br\/portal\/wp-content\/uploads\/2026\/08\/3ceffb747bca63912805216842bc0055_page-0001-150x212.jpg 150w\" sizes=\"auto, (max-width: 1241px) 100vw, 1241px\"><div class=\"wp-block-cover__inner-container is-layout-constrained wp-block-cover-is-layout-constrained\">\n<p class=\" has-text-align-center has-large-font-size eplus-wrapper\"><\/p>\n<\/div><\/div><\/div>\n\n\n<div class=\"wp-block-column eplus-wrapper is-layout-flow wp-block-column-is-layout-flow\">\n<div class=\"wp-block-group eplus-wrapper is-nowrap is-layout-flex wp-container-core-group-is-layout-6c531013 wp-block-group-is-layout-flex\"><div style=\"font-size:12px;\" class=\"wp-block-post-date\"><time datetime=\"2026-08-31T08:56:27-03:00\">11 horas atr\u00e1s<\/time><\/div><\/div>\n\n\n<h2 class=\"has-link-color  wp-elements-670095142f07e70ac78e71d998031cc9 wp-elements-d17b696d21237c6cd1e5113a86b082fb wp-block-post-title has-text-color has-black-color has-medium-font-size eplus-styles-uid-a4911b\">PAINEL: MICROSSISTEMA DOS JUIZADOS ESPECIAIS EM PERSPECTIVA<\/h2>\n\n<hr class=\"is-style-wide wp-block-separator has-text-color has-alpha-channel-opacity has-background eplus-wrapper eplus-styles-uid-cd27fa\" style=\"background-color:#e5e5e5;color:#e5e5e5\">\n\n<div style=\"color:#999999; font-size:16px;\" class=\"has-link-color  wp-elements-2370fbbca01d9941632930a3ec4b103c wp-elements-61218215c685f074906b60d531672cd3 wp-block-post-excerpt has-text-color eplus-styles-uid-0115c8\"><p class=\"wp-block-post-excerpt__excerpt\">A P\u00f3s-Gradua\u00e7\u00e3o em Direito Processual Contempor\u00e2neo da UFRRJ\/ITR promover\u00e1, em 04 de setembro de 2026, \u00e0s 18:30h, o painel online \u201cMicrossistema dos Juizados Especiais em Perspectiva\u201d. Transmitido via Zoom (ID:\u00a0475 [\u2026] <\/p><\/div><\/div>\n<\/div><\/a><\/li><li class=\"wp-block-post post-55034 post type-post status-publish format-standard has-post-thumbnail hentry category-eventos-no-itr category-blog_noticias\"><a href=\"https:\/\/itr.ufrrj.br\/portal\/itr-promove-palestras-gratuitas-sobre-curriculo-e-entrevista-de-emprego-no-dia-24-de-setembro\/\" class=\"wp-block-tiptip-hyperlink-group-block\"><div class=\"wp-block-columns eplus-wrapper is-layout-flex wp-container-core-columns-is-layout-28f84493 wp-block-columns-is-layout-flex eplus-styles-uid-8893d4 eplus-styles-uid-432f43\"><div class=\"wp-block-column eplus-wrapper is-layout-flow wp-block-column-is-layout-flow eplus-styles-uid-83155b\" style=\"flex-basis:240px\"><div class=\" wp-block-cover alignfull eplus-wrapper eplus-styles-uid-280c62\" style=\"min-height:266px;aspect-ratio:unset;\"><span aria-hidden=\"true\" class=\"wp-block-cover__background has-background-dim-0 has-background-dim\" style=\"background-color:#5e6c4b\"><\/span><img loading=\"lazy\" decoding=\"async\" width=\"1600\" height=\"1600\" src=\"https:\/\/itr.ufrrj.br\/portal\/wp-content\/uploads\/2026\/08\/620a2fd8003d9553f02c58ff51a72753.jpeg\" class=\"wp-block-cover__image-background wp-post-image\" alt=\"\" data-object-fit=\"cover\" srcset=\"https:\/\/itr.ufrrj.br\/portal\/wp-content\/uploads\/2026\/08\/620a2fd8003d9553f02c58ff51a72753.jpeg 1600w, https:\/\/itr.ufrrj.br\/portal\/wp-content\/uploads\/2026\/08\/620a2fd8003d9553f02c58ff51a72753-300x300.jpeg 300w, https:\/\/itr.ufrrj.br\/portal\/wp-content\/uploads\/2026\/08\/620a2fd8003d9553f02c58ff51a72753-1024x1024.jpeg 1024w, https:\/\/itr.ufrrj.br\/portal\/wp-content\/uploads\/2026\/08\/620a2fd8003d9553f02c58ff51a72753-150x150.jpeg 150w, https:\/\/itr.ufrrj.br\/portal\/wp-content\/uploads\/2026\/08\/620a2fd8003d9553f02c58ff51a72753-768x768.jpeg 768w, https:\/\/itr.ufrrj.br\/portal\/wp-content\/uploads\/2026\/08\/620a2fd8003d9553f02c58ff51a72753-1536x1536.jpeg 1536w, https:\/\/itr.ufrrj.br\/portal\/wp-content\/uploads\/2026\/08\/620a2fd8003d9553f02c58ff51a72753-96x96.jpeg 96w\" sizes=\"auto, (max-width: 1600px) 100vw, 1600px\"><div class=\"wp-block-cover__inner-container is-layout-constrained wp-block-cover-is-layout-constrained\">\n<p class=\" has-text-align-center has-large-font-size eplus-wrapper\"><\/p>\n<\/div><\/div><\/div>\n\n\n<div class=\"wp-block-column eplus-wrapper is-layout-flow wp-block-column-is-layout-flow\">\n<div class=\"wp-block-group eplus-wrapper is-nowrap is-layout-flex wp-container-core-group-is-layout-6c531013 wp-block-group-is-layout-flex\"><div style=\"font-size:12px;\" class=\"wp-block-post-date\"><time datetime=\"2026-08-31T08:51:05-03:00\">11 horas atr\u00e1s<\/time><\/div><\/div>\n\n\n<h2 class=\"has-link-color  wp-elements-670095142f07e70ac78e71d998031cc9 wp-elements-d17b696d21237c6cd1e5113a86b082fb wp-block-post-title has-text-color has-black-color has-medium-font-size eplus-styles-uid-a4911b\">ITR promove palestras gratuitas sobre curr\u00edculo e entrevista de emprego no dia 24 de setembro<\/h2>\n\n<hr class=\"is-style-wide wp-block-separator has-text-color has-alpha-channel-opacity has-background eplus-wrapper eplus-styles-uid-cd27fa\" style=\"background-color:#e5e5e5;color:#e5e5e5\">\n\n<div style=\"color:#999999; font-size:16px;\" class=\"has-link-color  wp-elements-2370fbbca01d9941632930a3ec4b103c wp-elements-61218215c685f074906b60d531672cd3 wp-block-post-excerpt has-text-color eplus-styles-uid-0115c8\"><p class=\"wp-block-post-excerpt__excerpt\">O ITR realizar\u00e1, no dia 24 de setembro, duas palestras gratuitas voltadas ao desenvolvimento profissional e \u00e0 prepara\u00e7\u00e3o para processos seletivos, como parte da programa\u00e7\u00e3o da Jornada de Carreiras e [\u2026] <\/p><\/div><\/div>\n<\/div><\/a><\/li><li class=\"wp-block-post post-55030 post type-post status-publish format-standard has-post-thumbnail hentry category-blog_noticias\"><a href=\"https:\/\/itr.ufrrj.br\/portal\/itr-impulsiona-carreiras-com-lancamento-da-jornada-de-carreiras-e-empreendedorismo-e-anuncia-nova-palestra-para-setembro\/\" class=\"wp-block-tiptip-hyperlink-group-block\"><div class=\"wp-block-columns eplus-wrapper is-layout-flex wp-container-core-columns-is-layout-28f84493 wp-block-columns-is-layout-flex eplus-styles-uid-8893d4 eplus-styles-uid-432f43\"><div class=\"wp-block-column eplus-wrapper is-layout-flow wp-block-column-is-layout-flow eplus-styles-uid-83155b\" style=\"flex-basis:240px\"><div class=\" wp-block-cover alignfull eplus-wrapper eplus-styles-uid-280c62\" style=\"min-height:266px;aspect-ratio:unset;\"><span aria-hidden=\"true\" class=\"wp-block-cover__background has-background-dim-0 has-background-dim\" style=\"background-color:#5e6c4b\"><\/span><img loading=\"lazy\" decoding=\"async\" width=\"1600\" height=\"900\" src=\"https:\/\/itr.ufrrj.br\/portal\/wp-content\/uploads\/2026\/08\/arte-imagens-do-evento-ITR-Jornada-de-Carreiras-e-Empreendedorismo-19-ago-2026.jpeg\" class=\"wp-block-cover__image-background wp-post-image\" alt=\"\" data-object-fit=\"cover\" srcset=\"https:\/\/itr.ufrrj.br\/portal\/wp-content\/uploads\/2026\/08\/arte-imagens-do-evento-ITR-Jornada-de-Carreiras-e-Empreendedorismo-19-ago-2026.jpeg 1600w, https:\/\/itr.ufrrj.br\/portal\/wp-content\/uploads\/2026\/08\/arte-imagens-do-evento-ITR-Jornada-de-Carreiras-e-Empreendedorismo-19-ago-2026-300x169.jpeg 300w, https:\/\/itr.ufrrj.br\/portal\/wp-content\/uploads\/2026\/08\/arte-imagens-do-evento-ITR-Jornada-de-Carreiras-e-Empreendedorismo-19-ago-2026-1024x576.jpeg 1024w, https:\/\/itr.ufrrj.br\/portal\/wp-content\/uploads\/2026\/08\/arte-imagens-do-evento-ITR-Jornada-de-Carreiras-e-Empreendedorismo-19-ago-2026-768x432.jpeg 768w, https:\/\/itr.ufrrj.br\/portal\/wp-content\/uploads\/2026\/08\/arte-imagens-do-evento-ITR-Jornada-de-Carreiras-e-Empreendedorismo-19-ago-2026-1536x864.jpeg 1536w, https:\/\/itr.ufrrj.br\/portal\/wp-content\/uploads\/2026\/08\/arte-imagens-do-evento-ITR-Jornada-de-Carreiras-e-Empreendedorismo-19-ago-2026-150x84.jpeg 150w\" sizes=\"auto, (max-width: 1600px) 100vw, 1600px\"><div class=\"wp-block-cover__inner-container is-layout-constrained wp-block-cover-is-layout-constrained\">\n<p class=\" has-text-align-center has-large-font-size eplus-wrapper\"><\/p>\n<\/div><\/div><\/div>\n\n\n<div class=\"wp-block-column eplus-wrapper is-layout-flow wp-block-column-is-layout-flow\">\n<div class=\"wp-block-group eplus-wrapper is-nowrap is-layout-flex wp-container-core-group-is-layout-6c531013 wp-block-group-is-layout-flex\"><div style=\"font-size:12px;\" class=\"wp-block-post-date\"><time datetime=\"2026-08-31T08:42:41-03:00\">11 horas atr\u00e1s<\/time><\/div><\/div>\n\n\n<h2 class=\"has-link-color  wp-elements-670095142f07e70ac78e71d998031cc9 wp-elements-d17b696d21237c6cd1e5113a86b082fb wp-block-post-title has-text-color has-black-color has-medium-font-size eplus-styles-uid-a4911b\">ITR impulsiona carreiras com lan\u00e7amento da Jornada de Carreiras e Empreendedorismo e anuncia nova palestra para setembro<\/h2>\n\n<hr class=\"is-style-wide wp-block-separator has-text-color has-alpha-channel-opacity has-background eplus-wrapper eplus-styles-uid-cd27fa\" style=\"background-color:#e5e5e5;color:#e5e5e5\">\n\n<div style=\"color:#999999; font-size:16px;\" class=\"has-link-color  wp-elements-2370fbbca01d9941632930a3ec4b103c wp-elements-61218215c685f074906b60d531672cd3 wp-block-post-excerpt has-text-color eplus-styles-uid-0115c8\"><p class=\"wp-block-post-excerpt__excerpt\">O Instituto Tr\u00eas Rios (UFRRJ) deu in\u00edcio, no dia 13 de agosto, ao Projeto de Extens\u00e3o \u201cITR Jornada de Carreiras e Empreendedorismo\u201d, reunindo 200 participantes em um dia de atividades [\u2026] <\/p><\/div><\/div>\n<\/div><\/a><\/li><li class=\"wp-block-post post-55015 post type-post status-publish format-standard has-post-thumbnail hentry category-eventos-no-itr category-blog_noticias\"><a href=\"https:\/\/itr.ufrrj.br\/portal\/xiv-semana-academica-de-administracao\/\" class=\"wp-block-tiptip-hyperlink-group-block\"><div class=\"wp-block-columns eplus-wrapper is-layout-flex wp-container-core-columns-is-layout-28f84493 wp-block-columns-is-layout-flex eplus-styles-uid-8893d4 eplus-styles-uid-432f43\"><div class=\"wp-block-column eplus-wrapper is-layout-flow wp-block-column-is-layout-flow eplus-styles-uid-83155b\" style=\"flex-basis:240px\"><div class=\" wp-block-cover alignfull eplus-wrapper eplus-styles-uid-280c62\" style=\"min-height:266px;aspect-ratio:unset;\"><span aria-hidden=\"true\" class=\"wp-block-cover__background has-background-dim-0 has-background-dim\" style=\"background-color:#5e6c4b\"><\/span><img loading=\"lazy\" decoding=\"async\" width=\"1600\" height=\"1600\" src=\"https:\/\/itr.ufrrj.br\/portal\/wp-content\/uploads\/2026\/08\/WhatsApp-Image-2026-08-25-at-13.05.17-1.jpeg\" class=\"wp-block-cover__image-background wp-post-image\" alt=\"\" data-object-fit=\"cover\" srcset=\"https:\/\/itr.ufrrj.br\/portal\/wp-content\/uploads\/2026\/08\/WhatsApp-Image-2026-08-25-at-13.05.17-1.jpeg 1600w, https:\/\/itr.ufrrj.br\/portal\/wp-content\/uploads\/2026\/08\/WhatsApp-Image-2026-08-25-at-13.05.17-1-300x300.jpeg 300w, https:\/\/itr.ufrrj.br\/portal\/wp-content\/uploads\/2026\/08\/WhatsApp-Image-2026-08-25-at-13.05.17-1-1024x1024.jpeg 1024w, https:\/\/itr.ufrrj.br\/portal\/wp-content\/uploads\/2026\/08\/WhatsApp-Image-2026-08-25-at-13.05.17-1-150x150.jpeg 150w, https:\/\/itr.ufrrj.br\/portal\/wp-content\/uploads\/2026\/08\/WhatsApp-Image-2026-08-25-at-13.05.17-1-768x768.jpeg 768w, https:\/\/itr.ufrrj.br\/portal\/wp-content\/uploads\/2026\/08\/WhatsApp-Image-2026-08-25-at-13.05.17-1-1536x1536.jpeg 1536w, https:\/\/itr.ufrrj.br\/portal\/wp-content\/uploads\/2026\/08\/WhatsApp-Image-2026-08-25-at-13.05.17-1-96x96.jpeg 96w\" sizes=\"auto, (max-width: 1600px) 100vw, 1600px\"><div class=\"wp-block-cover__inner-container is-layout-constrained wp-block-cover-is-layout-constrained\">\n<p class=\" has-text-align-center has-large-font-size eplus-wrapper\"><\/p>\n<\/div><\/div><\/div>\n\n\n<div class=\"wp-block-column eplus-wrapper is-layout-flow wp-block-column-is-layout-flow\">\n<div class=\"wp-block-group eplus-wrapper is-nowrap is-layout-flex wp-container-core-group-is-layout-6c531013 wp-block-group-is-layout-flex\"><div style=\"font-size:12px;\" class=\"wp-block-post-date\"><time datetime=\"2026-08-25T18:03:39-03:00\">6 dias atr\u00e1s<\/time><\/div><\/div>\n\n\n<h2 class=\"has-link-color  wp-elements-670095142f07e70ac78e71d998031cc9 wp-elements-d17b696d21237c6cd1e5113a86b082fb wp-block-post-title has-text-color has-black-color has-medium-font-size eplus-styles-uid-a4911b\">XIV Semana Acad\u00eamica de Administra\u00e7\u00e3o<\/h2>\n\n<hr class=\"is-style-wide wp-block-separator has-text-color has-alpha-channel-opacity has-background eplus-wrapper eplus-styles-uid-cd27fa\" style=\"background-color:#e5e5e5;color:#e5e5e5\">\n\n<div style=\"color:#999999; font-size:16px;\" class=\"has-link-color  wp-elements-2370fbbca01d9941632930a3ec4b103c wp-elements-61218215c685f074906b60d531672cd3 wp-block-post-excerpt has-text-color eplus-styles-uid-0115c8\"><p class=\"wp-block-post-excerpt__excerpt\">\ud83d\ude80 VEM A\u00cd A XIV SEMAAD! \ud83d\ude80 Prepare-se para uma semana de conhecimento, lideran\u00e7a, conex\u00e3o e transforma\u00e7\u00e3o! \ud83d\udc99\ud83e\udde1 \ud83d\udcc5 14\/09 a 18\/09\ud83d\udccd Local: Audit\u00f3rio ITR\u23f0 Hor\u00e1rio: 18h \u2728 Ser\u00e3o dias [\u2026] <\/p><\/div><\/div>\n<\/div><\/a><\/li><li class=\"wp-block-post post-55005 post type-post status-publish format-standard has-post-thumbnail hentry category-blog_noticias\"><a href=\"https:\/\/itr.ufrrj.br\/portal\/aluna-egressa-do-curso-de-economia-recebe-primeiro-lugar-em-concurso-de-monografia-do-corecon-rj\/\" class=\"wp-block-tiptip-hyperlink-group-block\"><div class=\"wp-block-columns eplus-wrapper is-layout-flex wp-container-core-columns-is-layout-28f84493 wp-block-columns-is-layout-flex eplus-styles-uid-8893d4 eplus-styles-uid-432f43\"><div class=\"wp-block-column eplus-wrapper is-layout-flow wp-block-column-is-layout-flow eplus-styles-uid-83155b\" style=\"flex-basis:240px\"><div class=\" wp-block-cover alignfull eplus-wrapper eplus-styles-uid-280c62\" style=\"min-height:266px;aspect-ratio:unset;\"><span aria-hidden=\"true\" class=\"wp-block-cover__background has-background-dim-0 has-background-dim\" style=\"background-color:#5e6c4b\"><\/span><img loading=\"lazy\" decoding=\"async\" width=\"1600\" height=\"1060\" src=\"https:\/\/itr.ufrrj.br\/portal\/wp-content\/uploads\/2026\/08\/WhatsApp-Image-2026-08-20-at-16.44.08.jpeg\" class=\"wp-block-cover__image-background wp-post-image\" alt=\"\" data-object-fit=\"cover\" srcset=\"https:\/\/itr.ufrrj.br\/portal\/wp-content\/uploads\/2026\/08\/WhatsApp-Image-2026-08-20-at-16.44.08.jpeg 1600w, https:\/\/itr.ufrrj.br\/portal\/wp-content\/uploads\/2026\/08\/WhatsApp-Image-2026-08-20-at-16.44.08-300x199.jpeg 300w, https:\/\/itr.ufrrj.br\/portal\/wp-content\/uploads\/2026\/08\/WhatsApp-Image-2026-08-20-at-16.44.08-1024x678.jpeg 1024w, https:\/\/itr.ufrrj.br\/portal\/wp-content\/uploads\/2026\/08\/WhatsApp-Image-2026-08-20-at-16.44.08-768x509.jpeg 768w, https:\/\/itr.ufrrj.br\/portal\/wp-content\/uploads\/2026\/08\/WhatsApp-Image-2026-08-20-at-16.44.08-1536x1018.jpeg 1536w, https:\/\/itr.ufrrj.br\/portal\/wp-content\/uploads\/2026\/08\/WhatsApp-Image-2026-08-20-at-16.44.08-150x99.jpeg 150w\" sizes=\"auto, (max-width: 1600px) 100vw, 1600px\"><div class=\"wp-block-cover__inner-container is-layout-constrained wp-block-cover-is-layout-constrained\">\n<p class=\" has-text-align-center has-large-font-size eplus-wrapper\"><\/p>\n<\/div><\/div><\/div>\n\n\n<div class=\"wp-block-column eplus-wrapper is-layout-flow wp-block-column-is-layout-flow\">\n<div class=\"wp-block-group eplus-wrapper is-nowrap is-layout-flex wp-container-core-group-is-layout-6c531013 wp-block-group-is-layout-flex\"><div style=\"font-size:12px;\" class=\"wp-block-post-date\"><time datetime=\"2026-08-21T16:47:21-03:00\">1 semana atr\u00e1s<\/time><\/div><\/div>\n\n\n<h2 class=\"has-link-color  wp-elements-670095142f07e70ac78e71d998031cc9 wp-elements-d17b696d21237c6cd1e5113a86b082fb wp-block-post-title has-text-color has-black-color has-medium-font-size eplus-styles-uid-a4911b\">Aluna egressa do curso de Economia recebe primeiro lugar em Concurso\u00a0 de Monografia do Corecon\/RJ<\/h2>\n\n<hr class=\"is-style-wide wp-block-separator has-text-color has-alpha-channel-opacity has-background eplus-wrapper eplus-styles-uid-cd27fa\" style=\"background-color:#e5e5e5;color:#e5e5e5\">\n\n<div style=\"color:#999999; font-size:16px;\" class=\"has-link-color  wp-elements-2370fbbca01d9941632930a3ec4b103c wp-elements-61218215c685f074906b60d531672cd3 wp-block-post-excerpt has-text-color eplus-styles-uid-0115c8\"><p class=\"wp-block-post-excerpt__excerpt\">Not\u00edcia:\u00a0https:\/\/www.instagram.com\/p\/DcJv_ysko8M\/?igsh=MWFpMXFsMnM0djN3 Pesquisa, representatividade e protagonismo feminino na Economia O Corecon-RJ parabeniza Pamela Aparecida de Matos Silva, da UFRRJ, Campus Tr\u00eas Rios, pela conquista do 1\u00ba lugar no XXV Pr\u00eamio de [\u2026] <\/p><\/div><\/div>\n<\/div><\/a><\/li><li class=\"wp-block-post post-55001 post type-post status-publish format-standard has-post-thumbnail hentry category-blog_noticias\"><a href=\"https:\/\/itr.ufrrj.br\/portal\/vagas-abertas-para-projeto-de-pesquisa-do-programa-de-acompanhamento-de-egressos-do-curso-de-graduacao-bacharelado-em-gestao-ambiental\/\" class=\"wp-block-tiptip-hyperlink-group-block\"><div class=\"wp-block-columns eplus-wrapper is-layout-flex wp-container-core-columns-is-layout-28f84493 wp-block-columns-is-layout-flex eplus-styles-uid-8893d4 eplus-styles-uid-432f43\"><div class=\"wp-block-column eplus-wrapper is-layout-flow wp-block-column-is-layout-flow eplus-styles-uid-83155b\" style=\"flex-basis:240px\"><div class=\" wp-block-cover alignfull eplus-wrapper eplus-styles-uid-280c62\" style=\"min-height:266px;aspect-ratio:unset;\"><span aria-hidden=\"true\" class=\"wp-block-cover__background has-background-dim-0 has-background-dim\" style=\"background-color:#5e6c4b\"><\/span><img loading=\"lazy\" decoding=\"async\" width=\"1280\" height=\"1280\" src=\"https:\/\/itr.ufrrj.br\/portal\/wp-content\/uploads\/2026\/08\/logo-PAE-fundo-escuro-1.jpeg\" class=\"wp-block-cover__image-background wp-post-image\" alt=\"\" data-object-fit=\"cover\" srcset=\"https:\/\/itr.ufrrj.br\/portal\/wp-content\/uploads\/2026\/08\/logo-PAE-fundo-escuro-1.jpeg 1280w, https:\/\/itr.ufrrj.br\/portal\/wp-content\/uploads\/2026\/08\/logo-PAE-fundo-escuro-1-300x300.jpeg 300w, https:\/\/itr.ufrrj.br\/portal\/wp-content\/uploads\/2026\/08\/logo-PAE-fundo-escuro-1-1024x1024.jpeg 1024w, https:\/\/itr.ufrrj.br\/portal\/wp-content\/uploads\/2026\/08\/logo-PAE-fundo-escuro-1-150x150.jpeg 150w, https:\/\/itr.ufrrj.br\/portal\/wp-content\/uploads\/2026\/08\/logo-PAE-fundo-escuro-1-768x768.jpeg 768w, https:\/\/itr.ufrrj.br\/portal\/wp-content\/uploads\/2026\/08\/logo-PAE-fundo-escuro-1-96x96.jpeg 96w\" sizes=\"auto, (max-width: 1280px) 100vw, 1280px\"><div class=\"wp-block-cover__inner-container is-layout-constrained wp-block-cover-is-layout-constrained\">\n<p class=\" has-text-align-center has-large-font-size eplus-wrapper\"><\/p>\n<\/div><\/div><\/div>\n\n\n<div class=\"wp-block-column eplus-wrapper is-layout-flow wp-block-column-is-layout-flow\">\n<div class=\"wp-block-group eplus-wrapper is-nowrap is-layout-flex wp-container-core-group-is-layout-6c531013 wp-block-group-is-layout-flex\"><div style=\"font-size:12px;\" class=\"wp-block-post-date\"><time datetime=\"2026-08-18T15:50:50-03:00\">2 semanas atr\u00e1s<\/time><\/div><\/div>\n\n\n<h2 class=\"has-link-color  wp-elements-670095142f07e70ac78e71d998031cc9 wp-elements-d17b696d21237c6cd1e5113a86b082fb wp-block-post-title has-text-color has-black-color has-medium-font-size eplus-styles-uid-a4911b\">Vagas abertas para projeto de pesquisa do Programa de Acompanhamento de Egressos do Curso de Gradua\u00e7\u00e3o Bacharelado em Gest\u00e3o Ambiental<\/h2>\n\n<hr class=\"is-style-wide wp-block-separator has-text-color has-alpha-channel-opacity has-background eplus-wrapper eplus-styles-uid-cd27fa\" style=\"background-color:#e5e5e5;color:#e5e5e5\">\n\n<div style=\"color:#999999; font-size:16px;\" class=\"has-link-color  wp-elements-2370fbbca01d9941632930a3ec4b103c wp-elements-61218215c685f074906b60d531672cd3 wp-block-post-excerpt has-text-color eplus-styles-uid-0115c8\"><p class=\"wp-block-post-excerpt__excerpt\">O Programa de Acompanhamento de Egressos do Curso de Gradua\u00e7\u00e3oBacharelado em Gest\u00e3o Ambiental (PAE-GA\/UFRRJ) est\u00e1 recrutando estudantes degradua\u00e7\u00e3o em Gest\u00e3o Ambiental, preferencialmente at\u00e9 o 4\u00b0 per\u00edodo, para integrarseu time de [\u2026] <\/p><\/div><\/div>\n<\/div><\/a><\/li><li class=\"wp-block-post post-54995 post type-post status-publish format-standard has-post-thumbnail hentry category-eventos-no-itr category-blog_noticias\"><a href=\"https:\/\/itr.ufrrj.br\/portal\/acelere-sua-jornada-carreiras-e-empreendedorismo-no-itr-dia-19-de-agosto\/\" class=\"wp-block-tiptip-hyperlink-group-block\"><div class=\"wp-block-columns eplus-wrapper is-layout-flex wp-container-core-columns-is-layout-28f84493 wp-block-columns-is-layout-flex eplus-styles-uid-8893d4 eplus-styles-uid-432f43\"><div class=\"wp-block-column eplus-wrapper is-layout-flow wp-block-column-is-layout-flow eplus-styles-uid-83155b\" style=\"flex-basis:240px\"><div class=\" wp-block-cover alignfull eplus-wrapper eplus-styles-uid-280c62\" style=\"min-height:266px;aspect-ratio:unset;\"><span aria-hidden=\"true\" class=\"wp-block-cover__background has-background-dim-0 has-background-dim\" style=\"background-color:#5e6c4b\"><\/span><img loading=\"lazy\" decoding=\"async\" width=\"1280\" height=\"720\" src=\"https:\/\/itr.ufrrj.br\/portal\/wp-content\/uploads\/2026\/08\/arte-divulgacao-palestras-tarde-e-noite-19.08.2026.jpg\" class=\"wp-block-cover__image-background wp-post-image\" alt=\"\" data-object-fit=\"cover\" srcset=\"https:\/\/itr.ufrrj.br\/portal\/wp-content\/uploads\/2026\/08\/arte-divulgacao-palestras-tarde-e-noite-19.08.2026.jpg 1280w, https:\/\/itr.ufrrj.br\/portal\/wp-content\/uploads\/2026\/08\/arte-divulgacao-palestras-tarde-e-noite-19.08.2026-300x169.jpg 300w, https:\/\/itr.ufrrj.br\/portal\/wp-content\/uploads\/2026\/08\/arte-divulgacao-palestras-tarde-e-noite-19.08.2026-1024x576.jpg 1024w, https:\/\/itr.ufrrj.br\/portal\/wp-content\/uploads\/2026\/08\/arte-divulgacao-palestras-tarde-e-noite-19.08.2026-768x432.jpg 768w, https:\/\/itr.ufrrj.br\/portal\/wp-content\/uploads\/2026\/08\/arte-divulgacao-palestras-tarde-e-noite-19.08.2026-150x84.jpg 150w\" sizes=\"auto, (max-width: 1280px) 100vw, 1280px\"><div class=\"wp-block-cover__inner-container is-layout-constrained wp-block-cover-is-layout-constrained\">\n<p class=\" has-text-align-center has-large-font-size eplus-wrapper\"><\/p>\n<\/div><\/div><\/div>\n\n\n<div class=\"wp-block-column eplus-wrapper is-layout-flow wp-block-column-is-layout-flow\">\n<div class=\"wp-block-group eplus-wrapper is-nowrap is-layout-flex wp-container-core-group-is-layout-6c531013 wp-block-group-is-layout-flex\"><div style=\"font-size:12px;\" class=\"wp-block-post-date\"><time datetime=\"2026-08-17T15:02:40-03:00\">2 semanas atr\u00e1s<\/time><\/div><\/div>\n\n\n<h2 class=\"has-link-color  wp-elements-670095142f07e70ac78e71d998031cc9 wp-elements-d17b696d21237c6cd1e5113a86b082fb wp-block-post-title has-text-color has-black-color has-medium-font-size eplus-styles-uid-a4911b\">Acelere Sua Jornada: Carreiras e Empreendedorismo no ITR\u00a0 dia 19 de agosto!<\/h2>\n\n<hr class=\"is-style-wide wp-block-separator has-text-color has-alpha-channel-opacity has-background eplus-wrapper eplus-styles-uid-cd27fa\" style=\"background-color:#e5e5e5;color:#e5e5e5\">\n\n<div style=\"color:#999999; font-size:16px;\" class=\"has-link-color  wp-elements-2370fbbca01d9941632930a3ec4b103c wp-elements-61218215c685f074906b60d531672cd3 wp-block-post-excerpt has-text-color eplus-styles-uid-0115c8\"><p class=\"wp-block-post-excerpt__excerpt\">A Jornada de Carreiras e Empreendedorismo do ITR come\u00e7a no dia 19 de agosto com uma programa\u00e7\u00e3o dedicada ao desenvolvimento de compet\u00eancias profissionais, empregabilidade e educa\u00e7\u00e3o empreendedora. O lan\u00e7amento marca [\u2026] <\/p><\/div><\/div>\n<\/div><\/a><\/li><li class=\"wp-block-post post-54991 post type-post status-publish format-standard has-post-thumbnail hentry category-blog_noticias\"><a href=\"https:\/\/itr.ufrrj.br\/portal\/vale-verde-ssa-marca-presenca-na-convergencia-empreendedora\/\" class=\"wp-block-tiptip-hyperlink-group-block\"><div class=\"wp-block-columns eplus-wrapper is-layout-flex wp-container-core-columns-is-layout-28f84493 wp-block-columns-is-layout-flex eplus-styles-uid-8893d4 eplus-styles-uid-432f43\"><div class=\"wp-block-column eplus-wrapper is-layout-flow wp-block-column-is-layout-flow eplus-styles-uid-83155b\" style=\"flex-basis:240px\"><div class=\" wp-block-cover alignfull eplus-wrapper eplus-styles-uid-280c62\" style=\"min-height:266px;aspect-ratio:unset;\"><span aria-hidden=\"true\" class=\"wp-block-cover__background has-background-dim-0 has-background-dim\" style=\"background-color:#5e6c4b\"><\/span><img loading=\"lazy\" decoding=\"async\" width=\"1080\" height=\"1165\" src=\"https:\/\/itr.ufrrj.br\/portal\/wp-content\/uploads\/2026\/08\/logo-EJ-Vale-Verde-SSA.png\" class=\"wp-block-cover__image-background wp-post-image\" alt=\"\" data-object-fit=\"cover\" srcset=\"https:\/\/itr.ufrrj.br\/portal\/wp-content\/uploads\/2026\/08\/logo-EJ-Vale-Verde-SSA.png 1080w, https:\/\/itr.ufrrj.br\/portal\/wp-content\/uploads\/2026\/08\/logo-EJ-Vale-Verde-SSA-278x300.png 278w, https:\/\/itr.ufrrj.br\/portal\/wp-content\/uploads\/2026\/08\/logo-EJ-Vale-Verde-SSA-949x1024.png 949w, https:\/\/itr.ufrrj.br\/portal\/wp-content\/uploads\/2026\/08\/logo-EJ-Vale-Verde-SSA-768x828.png 768w, https:\/\/itr.ufrrj.br\/portal\/wp-content\/uploads\/2026\/08\/logo-EJ-Vale-Verde-SSA-150x162.png 150w\" sizes=\"auto, (max-width: 1080px) 100vw, 1080px\"><div class=\"wp-block-cover__inner-container is-layout-constrained wp-block-cover-is-layout-constrained\">\n<p class=\" has-text-align-center has-large-font-size eplus-wrapper\"><\/p>\n<\/div><\/div><\/div>\n\n\n<div class=\"wp-block-column eplus-wrapper is-layout-flow wp-block-column-is-layout-flow\">\n<div class=\"wp-block-group eplus-wrapper is-nowrap is-layout-flex wp-container-core-group-is-layout-6c531013 wp-block-group-is-layout-flex\"><div style=\"font-size:12px;\" class=\"wp-block-post-date\"><time datetime=\"2026-08-17T15:00:05-03:00\">2 semanas atr\u00e1s<\/time><\/div><\/div>\n\n\n<h2 class=\"has-link-color  wp-elements-670095142f07e70ac78e71d998031cc9 wp-elements-d17b696d21237c6cd1e5113a86b082fb wp-block-post-title has-text-color has-black-color has-medium-font-size eplus-styles-uid-a4911b\">Vale Verde SSA marca presen\u00e7a na Converg\u00eancia Empreendedora<\/h2>\n\n<hr class=\"is-style-wide wp-block-separator has-text-color has-alpha-channel-opacity has-background eplus-wrapper eplus-styles-uid-cd27fa\" style=\"background-color:#e5e5e5;color:#e5e5e5\">\n\n<div style=\"color:#999999; font-size:16px;\" class=\"has-link-color  wp-elements-2370fbbca01d9941632930a3ec4b103c wp-elements-61218215c685f074906b60d531672cd3 wp-block-post-excerpt has-text-color eplus-styles-uid-0115c8\"><p class=\"wp-block-post-excerpt__excerpt\">A Empresa J\u00fanior Vale Verde Solu\u00e7\u00f5es e Servi\u00e7os Ambientais (Vale Verde SSA), \u00fanica EJ do Instituto Tr\u00eas Rios da UFRRJ \u2013 composta por alunos dos cursos de gradua\u00e7\u00e3o em Gest\u00e3o [\u2026] <\/p><\/div><\/div>\n<\/div><\/a><\/li><li class=\"wp-block-post post-54988 post type-post status-publish format-standard has-post-thumbnail hentry category-blog_noticias\"><a href=\"https:\/\/itr.ufrrj.br\/portal\/divulgada-a-chapa-1-para-a-eleicao-da-chefia-do-departamento-de-ciencias-economicas-e-exatas-para-o-bienio-2026-2028-2\/\" class=\"wp-block-tiptip-hyperlink-group-block\"><div class=\"wp-block-columns eplus-wrapper is-layout-flex wp-container-core-columns-is-layout-28f84493 wp-block-columns-is-layout-flex eplus-styles-uid-8893d4 eplus-styles-uid-432f43\"><div class=\"wp-block-column eplus-wrapper is-layout-flow wp-block-column-is-layout-flow eplus-styles-uid-83155b\" style=\"flex-basis:240px\"><div class=\" wp-block-cover alignfull eplus-wrapper eplus-styles-uid-280c62\" style=\"min-height:266px;aspect-ratio:unset;\"><span aria-hidden=\"true\" class=\"wp-block-cover__background has-background-dim-0 has-background-dim\" style=\"background-color:#5e6c4b\"><\/span><img loading=\"lazy\" decoding=\"async\" width=\"1040\" height=\"872\" src=\"https:\/\/itr.ufrrj.br\/portal\/wp-content\/uploads\/2026\/08\/1786631843805.png\" class=\"wp-block-cover__image-background wp-post-image\" alt=\"\" data-object-fit=\"cover\" srcset=\"https:\/\/itr.ufrrj.br\/portal\/wp-content\/uploads\/2026\/08\/1786631843805.png 1040w, https:\/\/itr.ufrrj.br\/portal\/wp-content\/uploads\/2026\/08\/1786631843805-300x252.png 300w, https:\/\/itr.ufrrj.br\/portal\/wp-content\/uploads\/2026\/08\/1786631843805-1024x859.png 1024w, https:\/\/itr.ufrrj.br\/portal\/wp-content\/uploads\/2026\/08\/1786631843805-768x644.png 768w, https:\/\/itr.ufrrj.br\/portal\/wp-content\/uploads\/2026\/08\/1786631843805-270x225.png 270w, https:\/\/itr.ufrrj.br\/portal\/wp-content\/uploads\/2026\/08\/1786631843805-150x126.png 150w\" sizes=\"auto, (max-width: 1040px) 100vw, 1040px\"><div class=\"wp-block-cover__inner-container is-layout-constrained wp-block-cover-is-layout-constrained\">\n<p class=\" has-text-align-center has-large-font-size eplus-wrapper\"><\/p>\n<\/div><\/div><\/div>\n\n\n<div class=\"wp-block-column eplus-wrapper is-layout-flow wp-block-column-is-layout-flow\">\n<div class=\"wp-block-group eplus-wrapper is-nowrap is-layout-flex wp-container-core-group-is-layout-6c531013 wp-block-group-is-layout-flex\"><div style=\"font-size:12px;\" class=\"wp-block-post-date\"><time datetime=\"2026-08-17T14:57:03-03:00\">2 semanas atr\u00e1s<\/time><\/div><\/div>\n\n\n<h2 class=\"has-link-color  wp-elements-670095142f07e70ac78e71d998031cc9 wp-elements-d17b696d21237c6cd1e5113a86b082fb wp-block-post-title has-text-color has-black-color has-medium-font-size eplus-styles-uid-a4911b\">DIVULGADA A CHAPA 1 PARA A ELEI\u00c7\u00c3O DA CHEFIA DO DEPARTAMENTO DE CI\u00caNCIAS ECON\u00d4MICAS E EXATAS PARA O BI\u00caNIO 2026-2028<\/h2>\n\n<hr class=\"is-style-wide wp-block-separator has-text-color has-alpha-channel-opacity has-background eplus-wrapper eplus-styles-uid-cd27fa\" style=\"background-color:#e5e5e5;color:#e5e5e5\">\n\n<div style=\"color:#999999; font-size:16px;\" class=\"has-link-color  wp-elements-2370fbbca01d9941632930a3ec4b103c wp-elements-61218215c685f074906b60d531672cd3 wp-block-post-excerpt has-text-color eplus-styles-uid-0115c8\"><p class=\"wp-block-post-excerpt__excerpt\">A Comiss\u00e3o Eleitoral, conforme previsto no Edital n\u00ba 01\/2026, divulga a chapa inscrita para a consulta p\u00fablica destinada \u00e0 escolha da Chefia do Departamento de Ci\u00eancias Econ\u00f4micas e Exatas (DCEEx) [\u2026] <\/p><\/div><\/div>\n<\/div><\/a><\/li><li class=\"wp-block-post post-54982 post type-post status-publish format-standard has-post-thumbnail hentry category-eventos-no-itr category-blog_noticias\"><a href=\"https:\/\/itr.ufrrj.br\/portal\/vem-ai-o-sarau-literario-e-musical-da-ufrrj-%f0%9f%93%96%f0%9f%8e%b6%f0%9f%92%83\/\" class=\"wp-block-tiptip-hyperlink-group-block\"><div class=\"wp-block-columns eplus-wrapper is-layout-flex wp-container-core-columns-is-layout-28f84493 wp-block-columns-is-layout-flex eplus-styles-uid-8893d4 eplus-styles-uid-432f43\"><div class=\"wp-block-column eplus-wrapper is-layout-flow wp-block-column-is-layout-flow eplus-styles-uid-83155b\" style=\"flex-basis:240px\"><div class=\" wp-block-cover alignfull eplus-wrapper eplus-styles-uid-280c62\" style=\"min-height:266px;aspect-ratio:unset;\"><span aria-hidden=\"true\" class=\"wp-block-cover__background has-background-dim-0 has-background-dim\" style=\"background-color:#5e6c4b\"><\/span><img loading=\"lazy\" decoding=\"async\" width=\"870\" height=\"1219\" src=\"https:\/\/itr.ufrrj.br\/portal\/wp-content\/uploads\/2026\/08\/WhatsApp-Image-2026-08-12-at-17.18.52.jpeg\" class=\"wp-block-cover__image-background wp-post-image\" alt=\"\" data-object-fit=\"cover\" srcset=\"https:\/\/itr.ufrrj.br\/portal\/wp-content\/uploads\/2026\/08\/WhatsApp-Image-2026-08-12-at-17.18.52.jpeg 870w, https:\/\/itr.ufrrj.br\/portal\/wp-content\/uploads\/2026\/08\/WhatsApp-Image-2026-08-12-at-17.18.52-214x300.jpeg 214w, https:\/\/itr.ufrrj.br\/portal\/wp-content\/uploads\/2026\/08\/WhatsApp-Image-2026-08-12-at-17.18.52-731x1024.jpeg 731w, https:\/\/itr.ufrrj.br\/portal\/wp-content\/uploads\/2026\/08\/WhatsApp-Image-2026-08-12-at-17.18.52-768x1076.jpeg 768w, https:\/\/itr.ufrrj.br\/portal\/wp-content\/uploads\/2026\/08\/WhatsApp-Image-2026-08-12-at-17.18.52-150x210.jpeg 150w\" sizes=\"auto, (max-width: 870px) 100vw, 870px\"><div class=\"wp-block-cover__inner-container is-layout-constrained wp-block-cover-is-layout-constrained\">\n<p class=\" has-text-align-center has-large-font-size eplus-wrapper\"><\/p>\n<\/div><\/div><\/div>\n\n\n<div class=\"wp-block-column eplus-wrapper is-layout-flow wp-block-column-is-layout-flow\">\n<div class=\"wp-block-group eplus-wrapper is-nowrap is-layout-flex wp-container-core-group-is-layout-6c531013 wp-block-group-is-layout-flex\"><div style=\"font-size:12px;\" class=\"wp-block-post-date\"><time datetime=\"2026-08-13T11:15:17-03:00\">3 semanas atr\u00e1s<\/time><\/div><\/div>\n\n\n<h2 class=\"has-link-color  wp-elements-670095142f07e70ac78e71d998031cc9 wp-elements-d17b696d21237c6cd1e5113a86b082fb wp-block-post-title has-text-color has-black-color has-medium-font-size eplus-styles-uid-a4911b\">Vem a\u00ed o Sarau Liter\u00e1rio e Musical da UFRRJ! \ud83d\udcd6\ud83c\udfb6\ud83d\udc83<\/h2>\n\n<hr class=\"is-style-wide wp-block-separator has-text-color has-alpha-channel-opacity has-background eplus-wrapper eplus-styles-uid-cd27fa\" style=\"background-color:#e5e5e5;color:#e5e5e5\">\n\n<div style=\"color:#999999; font-size:16px;\" class=\"has-link-color  wp-elements-2370fbbca01d9941632930a3ec4b103c wp-elements-61218215c685f074906b60d531672cd3 wp-block-post-excerpt has-text-color eplus-styles-uid-0115c8\"><p class=\"wp-block-post-excerpt__excerpt\">\u2728 Onde a palavra canta e a m\u00fasica rima\u2026 \u2728 Vem a\u00ed o Sarau Liter\u00e1rio e Musical da UFRRJ! \ud83d\udcd6\ud83c\udfb6\ud83d\udc83 Um espa\u00e7o aberto para compartilhar arte, poesia, m\u00fasica, dan\u00e7a e [\u2026] <\/p><\/div><\/div>\n<\/div><\/a><\/li><li class=\"wp-block-post post-54977 post type-post status-publish format-standard has-post-thumbnail hentry category-blog_noticias\"><a href=\"https:\/\/itr.ufrrj.br\/portal\/divulgada-a-chapa-1-para-a-eleicao-da-chefia-do-departamento-de-ciencias-economicas-e-exatas-para-o-bienio-2026-2028\/\" class=\"wp-block-tiptip-hyperlink-group-block\"><div class=\"wp-block-columns eplus-wrapper is-layout-flex wp-container-core-columns-is-layout-28f84493 wp-block-columns-is-layout-flex eplus-styles-uid-8893d4 eplus-styles-uid-432f43\"><div class=\"wp-block-column eplus-wrapper is-layout-flow wp-block-column-is-layout-flow eplus-styles-uid-83155b\" style=\"flex-basis:240px\"><div class=\" wp-block-cover alignfull eplus-wrapper eplus-styles-uid-280c62\" style=\"min-height:266px;aspect-ratio:unset;\"><span aria-hidden=\"true\" class=\"wp-block-cover__background has-background-dim-0 has-background-dim\" style=\"background-color:#5e6c4b\"><\/span><img loading=\"lazy\" decoding=\"async\" width=\"980\" height=\"980\" src=\"https:\/\/itr.ufrrj.br\/portal\/wp-content\/uploads\/2026\/08\/elections-icon-design-free-vector.jpg\" class=\"wp-block-cover__image-background wp-post-image\" alt=\"\" data-object-fit=\"cover\" srcset=\"https:\/\/itr.ufrrj.br\/portal\/wp-content\/uploads\/2026\/08\/elections-icon-design-free-vector.jpg 980w, https:\/\/itr.ufrrj.br\/portal\/wp-content\/uploads\/2026\/08\/elections-icon-design-free-vector-300x300.jpg 300w, https:\/\/itr.ufrrj.br\/portal\/wp-content\/uploads\/2026\/08\/elections-icon-design-free-vector-150x150.jpg 150w, https:\/\/itr.ufrrj.br\/portal\/wp-content\/uploads\/2026\/08\/elections-icon-design-free-vector-768x768.jpg 768w, https:\/\/itr.ufrrj.br\/portal\/wp-content\/uploads\/2026\/08\/elections-icon-design-free-vector-96x96.jpg 96w\" sizes=\"auto, (max-width: 980px) 100vw, 980px\"><div class=\"wp-block-cover__inner-container is-layout-constrained wp-block-cover-is-layout-constrained\">\n<p class=\" has-text-align-center has-large-font-size eplus-wrapper\"><\/p>\n<\/div><\/div><\/div>\n\n\n<div class=\"wp-block-column eplus-wrapper is-layout-flow wp-block-column-is-layout-flow\">\n<div class=\"wp-block-group eplus-wrapper is-nowrap is-layout-flex wp-container-core-group-is-layout-6c531013 wp-block-group-is-layout-flex\"><div style=\"font-size:12px;\" class=\"wp-block-post-date\"><time datetime=\"2026-08-13T11:08:35-03:00\">3 semanas atr\u00e1s<\/time><\/div><\/div>\n\n\n<h2 class=\"has-link-color  wp-elements-670095142f07e70ac78e71d998031cc9 wp-elements-d17b696d21237c6cd1e5113a86b082fb wp-block-post-title has-text-color has-black-color has-medium-font-size eplus-styles-uid-a4911b\">Divulgada a Chapa 1 para a Elei\u00e7\u00e3o da Chefia do Departamento de Ci\u00eancias Econ\u00f4micas e Exatas para o bi\u00eanio 2026-2028<\/h2>\n\n<hr class=\"is-style-wide wp-block-separator has-text-color has-alpha-channel-opacity has-background eplus-wrapper eplus-styles-uid-cd27fa\" style=\"background-color:#e5e5e5;color:#e5e5e5\">\n\n<div style=\"color:#999999; font-size:16px;\" class=\"has-link-color  wp-elements-2370fbbca01d9941632930a3ec4b103c wp-elements-61218215c685f074906b60d531672cd3 wp-block-post-excerpt has-text-color eplus-styles-uid-0115c8\"><p class=\"wp-block-post-excerpt__excerpt\">A Comiss\u00e3o Eleitoral, conforme previsto no Edital n\u00ba 01\/2026, divulga a chapa inscrita para a consulta p\u00fablica destinada \u00e0 escolha da Chefia do Departamento de Ci\u00eancias Econ\u00f4micas e Exatas (DCEEx) [\u2026] <\/p><\/div><\/div>\n<\/div><\/a><\/li><li class=\"wp-block-post post-54972 post type-post status-publish format-standard has-post-thumbnail hentry category-blog_noticias\"><a href=\"https:\/\/itr.ufrrj.br\/portal\/centro-academico-de-direito-e-npj-itr-realizam-reuniao-de-alinhamento-para-aperfeicoar-a-pratica-juridica-no-semestre\/\" class=\"wp-block-tiptip-hyperlink-group-block\"><div class=\"wp-block-columns eplus-wrapper is-layout-flex wp-container-core-columns-is-layout-28f84493 wp-block-columns-is-layout-flex eplus-styles-uid-8893d4 eplus-styles-uid-432f43\"><div class=\"wp-block-column eplus-wrapper is-layout-flow wp-block-column-is-layout-flow eplus-styles-uid-83155b\" style=\"flex-basis:240px\"><div class=\" wp-block-cover alignfull eplus-wrapper eplus-styles-uid-280c62\" style=\"min-height:266px;aspect-ratio:unset;\"><span aria-hidden=\"true\" class=\"wp-block-cover__background has-background-dim-0 has-background-dim\" style=\"background-color:#5e6c4b\"><\/span><img loading=\"lazy\" decoding=\"async\" width=\"1600\" height=\"1200\" src=\"https:\/\/itr.ufrrj.br\/portal\/wp-content\/uploads\/2026\/08\/Imagem-reuniao-do-NPJ.jpeg\" class=\"wp-block-cover__image-background wp-post-image\" alt=\"\" data-object-fit=\"cover\" srcset=\"https:\/\/itr.ufrrj.br\/portal\/wp-content\/uploads\/2026\/08\/Imagem-reuniao-do-NPJ.jpeg 1600w, https:\/\/itr.ufrrj.br\/portal\/wp-content\/uploads\/2026\/08\/Imagem-reuniao-do-NPJ-300x225.jpeg 300w, https:\/\/itr.ufrrj.br\/portal\/wp-content\/uploads\/2026\/08\/Imagem-reuniao-do-NPJ-1024x768.jpeg 1024w, https:\/\/itr.ufrrj.br\/portal\/wp-content\/uploads\/2026\/08\/Imagem-reuniao-do-NPJ-768x576.jpeg 768w, https:\/\/itr.ufrrj.br\/portal\/wp-content\/uploads\/2026\/08\/Imagem-reuniao-do-NPJ-1536x1152.jpeg 1536w, https:\/\/itr.ufrrj.br\/portal\/wp-content\/uploads\/2026\/08\/Imagem-reuniao-do-NPJ-450x337.jpeg 450w, https:\/\/itr.ufrrj.br\/portal\/wp-content\/uploads\/2026\/08\/Imagem-reuniao-do-NPJ-150x113.jpeg 150w\" sizes=\"auto, (max-width: 1600px) 100vw, 1600px\"><div class=\"wp-block-cover__inner-container is-layout-constrained wp-block-cover-is-layout-constrained\">\n<p class=\" has-text-align-center has-large-font-size eplus-wrapper\"><\/p>\n<\/div><\/div><\/div>\n\n\n<div class=\"wp-block-column eplus-wrapper is-layout-flow wp-block-column-is-layout-flow\">\n<div class=\"wp-block-group eplus-wrapper is-nowrap is-layout-flex wp-container-core-group-is-layout-6c531013 wp-block-group-is-layout-flex\"><div style=\"font-size:12px;\" class=\"wp-block-post-date\"><time datetime=\"2026-08-13T11:05:16-03:00\">3 semanas atr\u00e1s<\/time><\/div><\/div>\n\n\n<h2 class=\"has-link-color  wp-elements-670095142f07e70ac78e71d998031cc9 wp-elements-d17b696d21237c6cd1e5113a86b082fb wp-block-post-title has-text-color has-black-color has-medium-font-size eplus-styles-uid-a4911b\">Centro Acad\u00eamico de Direito e NPJ\/ITR realizam reuni\u00e3o de alinhamento para aperfei\u00e7oar a pr\u00e1tica jur\u00eddica no semestre<\/h2>\n\n<hr class=\"is-style-wide wp-block-separator has-text-color has-alpha-channel-opacity has-background eplus-wrapper eplus-styles-uid-cd27fa\" style=\"background-color:#e5e5e5;color:#e5e5e5\">\n\n<div style=\"color:#999999; font-size:16px;\" class=\"has-link-color  wp-elements-2370fbbca01d9941632930a3ec4b103c wp-elements-61218215c685f074906b60d531672cd3 wp-block-post-excerpt has-text-color eplus-styles-uid-0115c8\"><p class=\"wp-block-post-excerpt__excerpt\">Encontro entre a representa\u00e7\u00e3o discente e a coordena\u00e7\u00e3o do N\u00facleo marca os preparativos para o in\u00edcio do semestre letivo, visando \u00e0 melhoria cont\u00ednua da experi\u00eancia de est\u00e1gio dos estudantes.Como parte [\u2026] <\/p><\/div><\/div>\n<\/div><\/a><\/li><li class=\"wp-block-post post-54968 post type-post status-publish format-standard has-post-thumbnail hentry category-blog_noticias\"><a href=\"https:\/\/itr.ufrrj.br\/portal\/jornada-itr-inovacao-empreendedorismo-e-futuro-em-movimento\/\" class=\"wp-block-tiptip-hyperlink-group-block\"><div class=\"wp-block-columns eplus-wrapper is-layout-flex wp-container-core-columns-is-layout-28f84493 wp-block-columns-is-layout-flex eplus-styles-uid-8893d4 eplus-styles-uid-432f43\"><div class=\"wp-block-column eplus-wrapper is-layout-flow wp-block-column-is-layout-flow eplus-styles-uid-83155b\" style=\"flex-basis:240px\"><div class=\" wp-block-cover alignfull eplus-wrapper eplus-styles-uid-280c62\" style=\"min-height:266px;aspect-ratio:unset;\"><span aria-hidden=\"true\" class=\"wp-block-cover__background has-background-dim-0 has-background-dim\" style=\"background-color:#5e6c4b\"><\/span><img loading=\"lazy\" decoding=\"async\" width=\"1254\" height=\"1254\" src=\"https:\/\/itr.ufrrj.br\/portal\/wp-content\/uploads\/2026\/08\/Arte-1-ITR-Jornada-de-Carreiras-e-Empreendedorismo.edicao-2026.jpeg\" class=\"wp-block-cover__image-background wp-post-image\" alt=\"\" data-object-fit=\"cover\" srcset=\"https:\/\/itr.ufrrj.br\/portal\/wp-content\/uploads\/2026\/08\/Arte-1-ITR-Jornada-de-Carreiras-e-Empreendedorismo.edicao-2026.jpeg 1254w, https:\/\/itr.ufrrj.br\/portal\/wp-content\/uploads\/2026\/08\/Arte-1-ITR-Jornada-de-Carreiras-e-Empreendedorismo.edicao-2026-300x300.jpeg 300w, https:\/\/itr.ufrrj.br\/portal\/wp-content\/uploads\/2026\/08\/Arte-1-ITR-Jornada-de-Carreiras-e-Empreendedorismo.edicao-2026-1024x1024.jpeg 1024w, https:\/\/itr.ufrrj.br\/portal\/wp-content\/uploads\/2026\/08\/Arte-1-ITR-Jornada-de-Carreiras-e-Empreendedorismo.edicao-2026-150x150.jpeg 150w, https:\/\/itr.ufrrj.br\/portal\/wp-content\/uploads\/2026\/08\/Arte-1-ITR-Jornada-de-Carreiras-e-Empreendedorismo.edicao-2026-768x768.jpeg 768w, https:\/\/itr.ufrrj.br\/portal\/wp-content\/uploads\/2026\/08\/Arte-1-ITR-Jornada-de-Carreiras-e-Empreendedorismo.edicao-2026-96x96.jpeg 96w\" sizes=\"auto, (max-width: 1254px) 100vw, 1254px\"><div class=\"wp-block-cover__inner-container is-layout-constrained wp-block-cover-is-layout-constrained\">\n<p class=\" has-text-align-center has-large-font-size eplus-wrapper\"><\/p>\n<\/div><\/div><\/div>\n\n\n<div class=\"wp-block-column eplus-wrapper is-layout-flow wp-block-column-is-layout-flow\">\n<div class=\"wp-block-group eplus-wrapper is-nowrap is-layout-flex wp-container-core-group-is-layout-6c531013 wp-block-group-is-layout-flex\"><div style=\"font-size:12px;\" class=\"wp-block-post-date\"><time datetime=\"2026-08-11T08:58:33-03:00\">3 semanas atr\u00e1s<\/time><\/div><\/div>\n\n\n<h2 class=\"has-link-color  wp-elements-670095142f07e70ac78e71d998031cc9 wp-elements-d17b696d21237c6cd1e5113a86b082fb wp-block-post-title has-text-color has-black-color has-medium-font-size eplus-styles-uid-a4911b\">Jornada ITR: Inova\u00e7\u00e3o, empreendedorismo e futuro em movimento<\/h2>\n\n<hr class=\"is-style-wide wp-block-separator has-text-color has-alpha-channel-opacity has-background eplus-wrapper eplus-styles-uid-cd27fa\" style=\"background-color:#e5e5e5;color:#e5e5e5\">\n\n<div style=\"color:#999999; font-size:16px;\" class=\"has-link-color  wp-elements-2370fbbca01d9941632930a3ec4b103c wp-elements-61218215c685f074906b60d531672cd3 wp-block-post-excerpt has-text-color eplus-styles-uid-0115c8\"><p class=\"wp-block-post-excerpt__excerpt\">O ITR inicia, em agosto, a Jornada de Carreiras e Empreendedorismo 2026, projeto piloto que inaugura a cultura de educa\u00e7\u00e3o empreendedora na UFRRJ. A iniciativa integra ensino, pesquisa, extens\u00e3o e [\u2026] <\/p><\/div><\/div>\n<\/div><\/a><\/li><li class=\"wp-block-post post-54962 post type-post status-publish format-standard has-post-thumbnail hentry category-blog_noticias\"><a href=\"https:\/\/itr.ufrrj.br\/portal\/divulgada-chapa-1-para-a-coordenacao-do-curso-de-ciencia-de-dados\/\" class=\"wp-block-tiptip-hyperlink-group-block\"><div class=\"wp-block-columns eplus-wrapper is-layout-flex wp-container-core-columns-is-layout-28f84493 wp-block-columns-is-layout-flex eplus-styles-uid-8893d4 eplus-styles-uid-432f43\"><div class=\"wp-block-column eplus-wrapper is-layout-flow wp-block-column-is-layout-flow eplus-styles-uid-83155b\" style=\"flex-basis:240px\"><div class=\" wp-block-cover alignfull eplus-wrapper eplus-styles-uid-280c62\" style=\"min-height:266px;aspect-ratio:unset;\"><span aria-hidden=\"true\" class=\"wp-block-cover__background has-background-dim-0 has-background-dim\" style=\"background-color:#5e6c4b\"><\/span><img loading=\"lazy\" decoding=\"async\" width=\"1024\" height=\"1024\" src=\"https:\/\/itr.ufrrj.br\/portal\/wp-content\/uploads\/2026\/03\/ChatGPT-Image-26-de-mar.-de-2026-08_59_55.png\" class=\"wp-block-cover__image-background wp-post-image\" alt=\"\" data-object-fit=\"cover\" srcset=\"https:\/\/itr.ufrrj.br\/portal\/wp-content\/uploads\/2026\/03\/ChatGPT-Image-26-de-mar.-de-2026-08_59_55.png 1024w, https:\/\/itr.ufrrj.br\/portal\/wp-content\/uploads\/2026\/03\/ChatGPT-Image-26-de-mar.-de-2026-08_59_55-300x300.png 300w, https:\/\/itr.ufrrj.br\/portal\/wp-content\/uploads\/2026\/03\/ChatGPT-Image-26-de-mar.-de-2026-08_59_55-150x150.png 150w, https:\/\/itr.ufrrj.br\/portal\/wp-content\/uploads\/2026\/03\/ChatGPT-Image-26-de-mar.-de-2026-08_59_55-768x768.png 768w, https:\/\/itr.ufrrj.br\/portal\/wp-content\/uploads\/2026\/03\/ChatGPT-Image-26-de-mar.-de-2026-08_59_55-96x96.png 96w\" sizes=\"auto, (max-width: 1024px) 100vw, 1024px\"><div class=\"wp-block-cover__inner-container is-layout-constrained wp-block-cover-is-layout-constrained\">\n<p class=\" has-text-align-center has-large-font-size eplus-wrapper\"><\/p>\n<\/div><\/div><\/div>\n\n\n<div class=\"wp-block-column eplus-wrapper is-layout-flow wp-block-column-is-layout-flow\">\n<div class=\"wp-block-group eplus-wrapper is-nowrap is-layout-flex wp-container-core-group-is-layout-6c531013 wp-block-group-is-layout-flex\"><div style=\"font-size:12px;\" class=\"wp-block-post-date\"><time datetime=\"2026-08-10T16:13:26-03:00\">3 semanas atr\u00e1s<\/time><\/div><\/div>\n\n\n<h2 class=\"has-link-color  wp-elements-670095142f07e70ac78e71d998031cc9 wp-elements-d17b696d21237c6cd1e5113a86b082fb wp-block-post-title has-text-color has-black-color has-medium-font-size eplus-styles-uid-a4911b\">Divulgada Chapa 1 para a Coordena\u00e7\u00e3o do Curso de Ci\u00eancia de Dados<\/h2>\n\n<hr class=\"is-style-wide wp-block-separator has-text-color has-alpha-channel-opacity has-background eplus-wrapper eplus-styles-uid-cd27fa\" style=\"background-color:#e5e5e5;color:#e5e5e5\">\n\n<div style=\"color:#999999; font-size:16px;\" class=\"has-link-color  wp-elements-2370fbbca01d9941632930a3ec4b103c wp-elements-61218215c685f074906b60d531672cd3 wp-block-post-excerpt has-text-color eplus-styles-uid-0115c8\"><p class=\"wp-block-post-excerpt__excerpt\">A Comiss\u00e3o Eleitoral, conforme previsto no Edital n\u00ba 01\/2026, divulga a chapa inscrita para o processo de escolha da Coordena\u00e7\u00e3o do Curso de Ci\u00eancia de Dados do Instituto Tr\u00eas Rios [\u2026] <\/p><\/div><\/div>\n<\/div><\/a><\/li><li class=\"wp-block-post post-54959 post type-post status-publish format-standard has-post-thumbnail hentry category-editais category-blog_noticias\"><a href=\"https:\/\/itr.ufrrj.br\/portal\/edital-no-01-2026-para-eleicao-da-chefia-do-departamento-de-ciencias-economicas-e-exatas-dceex-itr\/\" class=\"wp-block-tiptip-hyperlink-group-block\"><div class=\"wp-block-columns eplus-wrapper is-layout-flex wp-container-core-columns-is-layout-28f84493 wp-block-columns-is-layout-flex eplus-styles-uid-8893d4 eplus-styles-uid-432f43\"><div class=\"wp-block-column eplus-wrapper is-layout-flow wp-block-column-is-layout-flow eplus-styles-uid-83155b\" style=\"flex-basis:240px\"><div class=\" wp-block-cover alignfull eplus-wrapper eplus-styles-uid-280c62\" style=\"min-height:266px;aspect-ratio:unset;\"><span aria-hidden=\"true\" class=\"wp-block-cover__background has-background-dim-0 has-background-dim\" style=\"background-color:#5e6c4b\"><\/span><img loading=\"lazy\" decoding=\"async\" width=\"1024\" height=\"1024\" src=\"https:\/\/itr.ufrrj.br\/portal\/wp-content\/uploads\/2026\/03\/ChatGPT-Image-26-de-mar.-de-2026-08_59_55.png\" class=\"wp-block-cover__image-background wp-post-image\" alt=\"\" data-object-fit=\"cover\" srcset=\"https:\/\/itr.ufrrj.br\/portal\/wp-content\/uploads\/2026\/03\/ChatGPT-Image-26-de-mar.-de-2026-08_59_55.png 1024w, https:\/\/itr.ufrrj.br\/portal\/wp-content\/uploads\/2026\/03\/ChatGPT-Image-26-de-mar.-de-2026-08_59_55-300x300.png 300w, https:\/\/itr.ufrrj.br\/portal\/wp-content\/uploads\/2026\/03\/ChatGPT-Image-26-de-mar.-de-2026-08_59_55-150x150.png 150w, https:\/\/itr.ufrrj.br\/portal\/wp-content\/uploads\/2026\/03\/ChatGPT-Image-26-de-mar.-de-2026-08_59_55-768x768.png 768w, https:\/\/itr.ufrrj.br\/portal\/wp-content\/uploads\/2026\/03\/ChatGPT-Image-26-de-mar.-de-2026-08_59_55-96x96.png 96w\" sizes=\"auto, (max-width: 1024px) 100vw, 1024px\"><div class=\"wp-block-cover__inner-container is-layout-constrained wp-block-cover-is-layout-constrained\">\n<p class=\" has-text-align-center has-large-font-size eplus-wrapper\"><\/p>\n<\/div><\/div><\/div>\n\n\n<div class=\"wp-block-column eplus-wrapper is-layout-flow wp-block-column-is-layout-flow\">\n<div class=\"wp-block-group eplus-wrapper is-nowrap is-layout-flex wp-container-core-group-is-layout-6c531013 wp-block-group-is-layout-flex\"><div style=\"font-size:12px;\" class=\"wp-block-post-date\"><time datetime=\"2026-08-05T18:49:04-03:00\">4 semanas atr\u00e1s<\/time><\/div><\/div>\n\n\n<h2 class=\"has-link-color  wp-elements-670095142f07e70ac78e71d998031cc9 wp-elements-d17b696d21237c6cd1e5113a86b082fb wp-block-post-title has-text-color has-black-color has-medium-font-size eplus-styles-uid-a4911b\">EDITAL N\u00ba 01\/2026 PARA ELEI\u00c7\u00c3O DA CHEFIA DO\u00a0 DEPARTAMENTO DE CI\u00caNCIAS ECON\u00d4MICAS E EXATAS\u00a0 (DCEEx\/ITR)<\/h2>\n\n<hr class=\"is-style-wide wp-block-separator has-text-color has-alpha-channel-opacity has-background eplus-wrapper eplus-styles-uid-cd27fa\" style=\"background-color:#e5e5e5;color:#e5e5e5\">\n\n<div style=\"color:#999999; font-size:16px;\" class=\"has-link-color  wp-elements-2370fbbca01d9941632930a3ec4b103c wp-elements-61218215c685f074906b60d531672cd3 wp-block-post-excerpt has-text-color eplus-styles-uid-0115c8\"><p class=\"wp-block-post-excerpt__excerpt\">Edital para candidaturas das chapas para Chefe e Vice-chefe do DCEEX\/ITR para o bi\u00eanio 2026-2028. <\/p><\/div><\/div>\n<\/div><\/a><\/li><li class=\"wp-block-post post-54955 post type-post status-publish format-standard has-post-thumbnail hentry category-blog_noticias\"><a href=\"https:\/\/itr.ufrrj.br\/portal\/projeto-clinidhaf-participa-do-xxxv-congresso-latino-americano-de-sociologia-no-rio-de-janeiro\/\" class=\"wp-block-tiptip-hyperlink-group-block\"><div class=\"wp-block-columns eplus-wrapper is-layout-flex wp-container-core-columns-is-layout-28f84493 wp-block-columns-is-layout-flex eplus-styles-uid-8893d4 eplus-styles-uid-432f43\"><div class=\"wp-block-column eplus-wrapper is-layout-flow wp-block-column-is-layout-flow eplus-styles-uid-83155b\" style=\"flex-basis:240px\"><div class=\" wp-block-cover alignfull eplus-wrapper eplus-styles-uid-280c62\" style=\"min-height:266px;aspect-ratio:unset;\"><span aria-hidden=\"true\" class=\"wp-block-cover__background has-background-dim-0 has-background-dim\" style=\"background-color:#5e6c4b\"><\/span><img loading=\"lazy\" decoding=\"async\" width=\"1200\" height=\"1600\" src=\"https:\/\/itr.ufrrj.br\/portal\/wp-content\/uploads\/2026\/08\/foto-1-2.jpeg\" class=\"wp-block-cover__image-background wp-post-image\" alt=\"\" data-object-fit=\"cover\" srcset=\"https:\/\/itr.ufrrj.br\/portal\/wp-content\/uploads\/2026\/08\/foto-1-2.jpeg 1200w, https:\/\/itr.ufrrj.br\/portal\/wp-content\/uploads\/2026\/08\/foto-1-2-225x300.jpeg 225w, https:\/\/itr.ufrrj.br\/portal\/wp-content\/uploads\/2026\/08\/foto-1-2-768x1024.jpeg 768w, https:\/\/itr.ufrrj.br\/portal\/wp-content\/uploads\/2026\/08\/foto-1-2-1152x1536.jpeg 1152w, https:\/\/itr.ufrrj.br\/portal\/wp-content\/uploads\/2026\/08\/foto-1-2-640x853.jpeg 640w, https:\/\/itr.ufrrj.br\/portal\/wp-content\/uploads\/2026\/08\/foto-1-2-150x200.jpeg 150w\" sizes=\"auto, (max-width: 1200px) 100vw, 1200px\"><div class=\"wp-block-cover__inner-container is-layout-constrained wp-block-cover-is-layout-constrained\">\n<p class=\" has-text-align-center has-large-font-size eplus-wrapper\"><\/p>\n<\/div><\/div><\/div>\n\n\n<div class=\"wp-block-column eplus-wrapper is-layout-flow wp-block-column-is-layout-flow\">\n<div class=\"wp-block-group eplus-wrapper is-nowrap is-layout-flex wp-container-core-group-is-layout-6c531013 wp-block-group-is-layout-flex\"><div style=\"font-size:12px;\" class=\"wp-block-post-date\"><time datetime=\"2026-08-05T13:02:44-03:00\">4 semanas atr\u00e1s<\/time><\/div><\/div>\n\n\n<h2 class=\"has-link-color  wp-elements-670095142f07e70ac78e71d998031cc9 wp-elements-d17b696d21237c6cd1e5113a86b082fb wp-block-post-title has-text-color has-black-color has-medium-font-size eplus-styles-uid-a4911b\">Projeto CLINIDHAF participa do XXXV Congresso Latino-Americano de Sociologia, no Rio de Janeiro<\/h2>\n\n<hr class=\"is-style-wide wp-block-separator has-text-color has-alpha-channel-opacity has-background eplus-wrapper eplus-styles-uid-cd27fa\" style=\"background-color:#e5e5e5;color:#e5e5e5\">\n\n<div style=\"color:#999999; font-size:16px;\" class=\"has-link-color  wp-elements-2370fbbca01d9941632930a3ec4b103c wp-elements-61218215c685f074906b60d531672cd3 wp-block-post-excerpt has-text-color eplus-styles-uid-0115c8\"><p class=\"wp-block-post-excerpt__excerpt\">A equipe da Cl\u00ednica de Direitos Humanos e da Cidadania na Agricultura Familiar (CLINIDHAF\/UFRRJ) participou do XXXV Congresso Latino-Americano de Sociologia (ALAS 2026), realizado entre os dias 36 e 31 [\u2026] <\/p><\/div><\/div>\n<\/div><\/a><\/li><li class=\"wp-block-post post-54951 post type-post status-publish format-standard has-post-thumbnail hentry category-editais category-blog_noticias\"><a href=\"https:\/\/itr.ufrrj.br\/portal\/publicado-edital-para-consulta-informal-da-coordenacao-do-curso-de-ciencia-de-dados\/\" class=\"wp-block-tiptip-hyperlink-group-block\"><div class=\"wp-block-columns eplus-wrapper is-layout-flex wp-container-core-columns-is-layout-28f84493 wp-block-columns-is-layout-flex eplus-styles-uid-8893d4 eplus-styles-uid-432f43\"><div class=\"wp-block-column eplus-wrapper is-layout-flow wp-block-column-is-layout-flow eplus-styles-uid-83155b\" style=\"flex-basis:240px\"><div class=\" wp-block-cover alignfull eplus-wrapper eplus-styles-uid-280c62\" style=\"min-height:266px;aspect-ratio:unset;\"><span aria-hidden=\"true\" class=\"wp-block-cover__background has-background-dim-0 has-background-dim\" style=\"background-color:#5e6c4b\"><\/span><img loading=\"lazy\" decoding=\"async\" width=\"1024\" height=\"1024\" src=\"https:\/\/itr.ufrrj.br\/portal\/wp-content\/uploads\/2026\/03\/ChatGPT-Image-26-de-mar.-de-2026-08_59_55.png\" class=\"wp-block-cover__image-background wp-post-image\" alt=\"\" data-object-fit=\"cover\" srcset=\"https:\/\/itr.ufrrj.br\/portal\/wp-content\/uploads\/2026\/03\/ChatGPT-Image-26-de-mar.-de-2026-08_59_55.png 1024w, https:\/\/itr.ufrrj.br\/portal\/wp-content\/uploads\/2026\/03\/ChatGPT-Image-26-de-mar.-de-2026-08_59_55-300x300.png 300w, https:\/\/itr.ufrrj.br\/portal\/wp-content\/uploads\/2026\/03\/ChatGPT-Image-26-de-mar.-de-2026-08_59_55-150x150.png 150w, https:\/\/itr.ufrrj.br\/portal\/wp-content\/uploads\/2026\/03\/ChatGPT-Image-26-de-mar.-de-2026-08_59_55-768x768.png 768w, https:\/\/itr.ufrrj.br\/portal\/wp-content\/uploads\/2026\/03\/ChatGPT-Image-26-de-mar.-de-2026-08_59_55-96x96.png 96w\" sizes=\"auto, (max-width: 1024px) 100vw, 1024px\"><div class=\"wp-block-cover__inner-container is-layout-constrained wp-block-cover-is-layout-constrained\">\n<p class=\" has-text-align-center has-large-font-size eplus-wrapper\"><\/p>\n<\/div><\/div><\/div>\n\n\n<div class=\"wp-block-column eplus-wrapper is-layout-flow wp-block-column-is-layout-flow\">\n<div class=\"wp-block-group eplus-wrapper is-nowrap is-layout-flex wp-container-core-group-is-layout-6c531013 wp-block-group-is-layout-flex\"><div style=\"font-size:12px;\" class=\"wp-block-post-date\"><time datetime=\"2026-08-04T20:51:50-03:00\">4 semanas atr\u00e1s<\/time><\/div><\/div>\n\n\n<h2 class=\"has-link-color  wp-elements-670095142f07e70ac78e71d998031cc9 wp-elements-d17b696d21237c6cd1e5113a86b082fb wp-block-post-title has-text-color has-black-color has-medium-font-size eplus-styles-uid-a4911b\">Publicado edital para consulta informal da Coordena\u00e7\u00e3o do Curso de Ci\u00eancia de Dados<\/h2>\n\n<hr class=\"is-style-wide wp-block-separator has-text-color has-alpha-channel-opacity has-background eplus-wrapper eplus-styles-uid-cd27fa\" style=\"background-color:#e5e5e5;color:#e5e5e5\">\n\n<div style=\"color:#999999; font-size:16px;\" class=\"has-link-color  wp-elements-2370fbbca01d9941632930a3ec4b103c wp-elements-61218215c685f074906b60d531672cd3 wp-block-post-excerpt has-text-color eplus-styles-uid-0115c8\"><p class=\"wp-block-post-excerpt__excerpt\">Est\u00e1 dispon\u00edvel o Edital n\u00ba 01\/2026, que regulamenta a consulta informal para a escolha do(a) Coordenador(a) e Vice-Coordenador(a) do Curso de Ci\u00eancia de Dados do Instituto Tr\u00eas Rios (UFRRJ). O [\u2026] <\/p><\/div><\/div>\n<\/div><\/a><\/li><li class=\"wp-block-post post-54946 post type-post status-publish format-standard has-post-thumbnail hentry category-blog_noticias\"><a href=\"https:\/\/itr.ufrrj.br\/portal\/liga-de-financas-e-educacao-life-abre-processo-seletivo-inscricoes-comecam-dia-03-08\/\" class=\"wp-block-tiptip-hyperlink-group-block\"><div class=\"wp-block-columns eplus-wrapper is-layout-flex wp-container-core-columns-is-layout-28f84493 wp-block-columns-is-layout-flex eplus-styles-uid-8893d4 eplus-styles-uid-432f43\"><div class=\"wp-block-column eplus-wrapper is-layout-flow wp-block-column-is-layout-flow eplus-styles-uid-83155b\" style=\"flex-basis:240px\"><div class=\" wp-block-cover alignfull eplus-wrapper eplus-styles-uid-280c62\" style=\"min-height:266px;aspect-ratio:unset;\"><span aria-hidden=\"true\" class=\"wp-block-cover__background has-background-dim-0 has-background-dim\" style=\"background-color:#5e6c4b\"><\/span><img loading=\"lazy\" decoding=\"async\" width=\"851\" height=\"1236\" src=\"https:\/\/itr.ufrrj.br\/portal\/wp-content\/uploads\/2026\/07\/IMG-20260420-WA0045.jpg\" class=\"wp-block-cover__image-background wp-post-image\" alt=\"\" data-object-fit=\"cover\" srcset=\"https:\/\/itr.ufrrj.br\/portal\/wp-content\/uploads\/2026\/07\/IMG-20260420-WA0045.jpg 851w, https:\/\/itr.ufrrj.br\/portal\/wp-content\/uploads\/2026\/07\/IMG-20260420-WA0045-207x300.jpg 207w, https:\/\/itr.ufrrj.br\/portal\/wp-content\/uploads\/2026\/07\/IMG-20260420-WA0045-705x1024.jpg 705w, https:\/\/itr.ufrrj.br\/portal\/wp-content\/uploads\/2026\/07\/IMG-20260420-WA0045-768x1115.jpg 768w, https:\/\/itr.ufrrj.br\/portal\/wp-content\/uploads\/2026\/07\/IMG-20260420-WA0045-150x218.jpg 150w\" sizes=\"auto, (max-width: 851px) 100vw, 851px\"><div class=\"wp-block-cover__inner-container is-layout-constrained wp-block-cover-is-layout-constrained\">\n<p class=\" has-text-align-center has-large-font-size eplus-wrapper\"><\/p>\n<\/div><\/div><\/div>\n\n\n<div class=\"wp-block-column eplus-wrapper is-layout-flow wp-block-column-is-layout-flow\">\n<div class=\"wp-block-group eplus-wrapper is-nowrap is-layout-flex wp-container-core-group-is-layout-6c531013 wp-block-group-is-layout-flex\"><div style=\"font-size:12px;\" class=\"wp-block-post-date\"><time datetime=\"2026-07-31T10:04:16-03:00\">1 m\u00eas atr\u00e1s<\/time><\/div><\/div>\n\n\n<h2 class=\"has-link-color  wp-elements-670095142f07e70ac78e71d998031cc9 wp-elements-d17b696d21237c6cd1e5113a86b082fb wp-block-post-title has-text-color has-black-color has-medium-font-size eplus-styles-uid-a4911b\">Liga de Finan\u00e7as e Educa\u00e7\u00e3o (LIFE) abre processo seletivo. Inscri\u00e7\u00f5es come\u00e7am dia 03\/08.<\/h2>\n\n<hr class=\"is-style-wide wp-block-separator has-text-color has-alpha-channel-opacity has-background eplus-wrapper eplus-styles-uid-cd27fa\" style=\"background-color:#e5e5e5;color:#e5e5e5\">\n\n<div style=\"color:#999999; font-size:16px;\" class=\"has-link-color  wp-elements-2370fbbca01d9941632930a3ec4b103c wp-elements-61218215c685f074906b60d531672cd3 wp-block-post-excerpt has-text-color eplus-styles-uid-0115c8\"><p class=\"wp-block-post-excerpt__excerpt\">A Liga de Finan\u00e7as e Educa\u00e7\u00e3o (LIFE) do ITR abre 4 vagas para alunos volunt\u00e1rios. Podem participar alunos de todos os cursos que tenham interesse nos temas de educa\u00e7\u00e3o financeira [\u2026] <\/p><\/div><\/div>\n<\/div><\/a><\/li><li class=\"wp-block-post post-54876 post type-post status-publish format-standard has-post-thumbnail hentry category-blog_noticias\"><a href=\"https:\/\/itr.ufrrj.br\/portal\/entrevista-do-prof-robson-tavares-no-programa-vanguarda-da-comunicacao\/\" class=\"wp-block-tiptip-hyperlink-group-block\"><div class=\"wp-block-columns eplus-wrapper is-layout-flex wp-container-core-columns-is-layout-28f84493 wp-block-columns-is-layout-flex eplus-styles-uid-8893d4 eplus-styles-uid-432f43\"><div class=\"wp-block-column eplus-wrapper is-layout-flow wp-block-column-is-layout-flow eplus-styles-uid-83155b\" style=\"flex-basis:240px\"><div class=\" wp-block-cover alignfull eplus-wrapper eplus-styles-uid-280c62\" style=\"min-height:266px;aspect-ratio:unset;\"><span aria-hidden=\"true\" class=\"wp-block-cover__background has-background-dim-0 has-background-dim\" style=\"background-color:#5e6c4b\"><\/span><img loading=\"lazy\" decoding=\"async\" width=\"1409\" height=\"769\" src=\"https:\/\/itr.ufrrj.br\/portal\/wp-content\/uploads\/2026\/07\/Screenshot_433.jpg\" class=\"wp-block-cover__image-background wp-post-image\" alt=\"\" data-object-fit=\"cover\" srcset=\"https:\/\/itr.ufrrj.br\/portal\/wp-content\/uploads\/2026\/07\/Screenshot_433.jpg 1409w, https:\/\/itr.ufrrj.br\/portal\/wp-content\/uploads\/2026\/07\/Screenshot_433-300x164.jpg 300w, https:\/\/itr.ufrrj.br\/portal\/wp-content\/uploads\/2026\/07\/Screenshot_433-1024x559.jpg 1024w, https:\/\/itr.ufrrj.br\/portal\/wp-content\/uploads\/2026\/07\/Screenshot_433-768x419.jpg 768w, https:\/\/itr.ufrrj.br\/portal\/wp-content\/uploads\/2026\/07\/Screenshot_433-150x82.jpg 150w\" sizes=\"auto, (max-width: 1409px) 100vw, 1409px\"><div class=\"wp-block-cover__inner-container is-layout-constrained wp-block-cover-is-layout-constrained\">\n<p class=\" has-text-align-center has-large-font-size eplus-wrapper\"><\/p>\n<\/div><\/div><\/div>\n\n\n<div class=\"wp-block-column eplus-wrapper is-layout-flow wp-block-column-is-layout-flow\">\n<div class=\"wp-block-group eplus-wrapper is-nowrap is-layout-flex wp-container-core-group-is-layout-6c531013 wp-block-group-is-layout-flex\"><div style=\"font-size:12px;\" class=\"wp-block-post-date\"><time datetime=\"2026-07-21T19:49:10-03:00\">1 m\u00eas atr\u00e1s<\/time><\/div><\/div>\n\n\n<h2 class=\"has-link-color  wp-elements-670095142f07e70ac78e71d998031cc9 wp-elements-d17b696d21237c6cd1e5113a86b082fb wp-block-post-title has-text-color has-black-color has-medium-font-size eplus-styles-uid-a4911b\">Entrevista do Prof. Robson Tavares no programa Vanguarda da Comunica\u00e7\u00e3o<\/h2>\n\n<hr class=\"is-style-wide wp-block-separator has-text-color has-alpha-channel-opacity has-background eplus-wrapper eplus-styles-uid-cd27fa\" style=\"background-color:#e5e5e5;color:#e5e5e5\">\n\n<div style=\"color:#999999; font-size:16px;\" class=\"has-link-color  wp-elements-2370fbbca01d9941632930a3ec4b103c wp-elements-61218215c685f074906b60d531672cd3 wp-block-post-excerpt has-text-color eplus-styles-uid-0115c8\"><p class=\"wp-block-post-excerpt__excerpt\">O Prof. Robson Tavares, do DCAS, bate um papo descontra\u00eddo com Elder \u00c1zara no programa Vanguarda da Comunica\u00e7\u00e3o da R\u00e1dio Tr\u00eas Rios, falando um pouco sobre sua trajet\u00f3ria como professor, [\u2026] <\/p><\/div><\/div>\n<\/div><\/a><\/li><li class=\"wp-block-post post-54870 post type-post status-publish format-standard has-post-thumbnail hentry category-blog_noticias\"><a href=\"https:\/\/itr.ufrrj.br\/portal\/nucleo-de-pratica-juridica-alerta-a-populacao-sobre-o-golpe-do-falso-advogado\/\" class=\"wp-block-tiptip-hyperlink-group-block\"><div class=\"wp-block-columns eplus-wrapper is-layout-flex wp-container-core-columns-is-layout-28f84493 wp-block-columns-is-layout-flex eplus-styles-uid-8893d4 eplus-styles-uid-432f43\"><div class=\"wp-block-column eplus-wrapper is-layout-flow wp-block-column-is-layout-flow eplus-styles-uid-83155b\" style=\"flex-basis:240px\"><div class=\" wp-block-cover alignfull eplus-wrapper eplus-styles-uid-280c62\" style=\"min-height:266px;aspect-ratio:unset;\"><span aria-hidden=\"true\" class=\"wp-block-cover__background has-background-dim-0 has-background-dim\" style=\"background-color:#5e6c4b\"><\/span><img loading=\"lazy\" decoding=\"async\" width=\"1408\" height=\"768\" src=\"https:\/\/itr.ufrrj.br\/portal\/wp-content\/uploads\/2026\/07\/Gemini_Generated_Image_gj27dsgj27dsgj27.png\" class=\"wp-block-cover__image-background wp-post-image\" alt=\"\" data-object-fit=\"cover\" srcset=\"https:\/\/itr.ufrrj.br\/portal\/wp-content\/uploads\/2026\/07\/Gemini_Generated_Image_gj27dsgj27dsgj27.png 1408w, https:\/\/itr.ufrrj.br\/portal\/wp-content\/uploads\/2026\/07\/Gemini_Generated_Image_gj27dsgj27dsgj27-300x164.png 300w, https:\/\/itr.ufrrj.br\/portal\/wp-content\/uploads\/2026\/07\/Gemini_Generated_Image_gj27dsgj27dsgj27-1024x559.png 1024w, https:\/\/itr.ufrrj.br\/portal\/wp-content\/uploads\/2026\/07\/Gemini_Generated_Image_gj27dsgj27dsgj27-768x419.png 768w, https:\/\/itr.ufrrj.br\/portal\/wp-content\/uploads\/2026\/07\/Gemini_Generated_Image_gj27dsgj27dsgj27-150x82.png 150w\" sizes=\"auto, (max-width: 1408px) 100vw, 1408px\"><div class=\"wp-block-cover__inner-container is-layout-constrained wp-block-cover-is-layout-constrained\">\n<p class=\" has-text-align-center has-large-font-size eplus-wrapper\"><\/p>\n<\/div><\/div><\/div>\n\n\n<div class=\"wp-block-column eplus-wrapper is-layout-flow wp-block-column-is-layout-flow\">\n<div class=\"wp-block-group eplus-wrapper is-nowrap is-layout-flex wp-container-core-group-is-layout-6c531013 wp-block-group-is-layout-flex\"><div style=\"font-size:12px;\" class=\"wp-block-post-date\"><time datetime=\"2026-07-10T11:36:59-03:00\">2 meses atr\u00e1s<\/time><\/div><\/div>\n\n\n<h2 class=\"has-link-color  wp-elements-670095142f07e70ac78e71d998031cc9 wp-elements-d17b696d21237c6cd1e5113a86b082fb wp-block-post-title has-text-color has-black-color has-medium-font-size eplus-styles-uid-a4911b\">N\u00daCLEO DE PR\u00c1TICA JUR\u00cdDICA ALERTA A POPULA\u00c7\u00c3O SOBRE O GOLPE DO FALSO ADVOGADO<\/h2>\n\n<hr class=\"is-style-wide wp-block-separator has-text-color has-alpha-channel-opacity has-background eplus-wrapper eplus-styles-uid-cd27fa\" style=\"background-color:#e5e5e5;color:#e5e5e5\">\n\n<div style=\"color:#999999; font-size:16px;\" class=\"has-link-color  wp-elements-2370fbbca01d9941632930a3ec4b103c wp-elements-61218215c685f074906b60d531672cd3 wp-block-post-excerpt has-text-color eplus-styles-uid-0115c8\"><p class=\"wp-block-post-excerpt__excerpt\">A Dire\u00e7\u00e3o do Instituto Tr\u00eas Rios e a Coordena\u00e7\u00e3o do N\u00facleo de Pr\u00e1tica Jur\u00eddica do Instituto Tr\u00eas Rios \u2013 NPJ J\u00e9ssica Philipp Giusti\u00a0 alertam toda a comunidade acad\u00eamica e trirriense, [\u2026] <\/p><\/div><\/div>\n<\/div><\/a><\/li><\/ul>\n\n<nav class=\"wp-block-query-pagination is-content-justification-space-between is-layout-flex wp-container-core-query-pagination-is-layout-b2891da8 wp-block-query-pagination-is-layout-flex eplus-styles-uid-e9488b\" aria-label=\"Pagina\u00e7\u00e3o\">\n\n\n<div class=\"wp-block-query-pagination-numbers\"><span aria-current=\"page\" class=\"page-numbers current\">1<\/span>\n<a class=\"page-numbers\" href=\"?query-25-page=2\">2<\/a>\n<a class=\"page-numbers\" href=\"?query-25-page=3\">3<\/a>\n<span class=\"page-numbers dots\">\u2026<\/span>\n<a class=\"page-numbers\" href=\"?query-25-page=43\">43<\/a><\/div>\n\n<a href=\"\/portal\/wp-json\/wp\/v2\/pages\/51617?query-25-page=2\" class=\"wp-block-query-pagination-next\">Pr\u00f3xima p\u00e1gina<span class=\"wp-block-query-pagination-next-arrow is-arrow-chevron\" aria-hidden=\"true\">\u00bb<\/span><\/a>\n<\/nav><\/div><\/div><\/div><\/div><\/div>","protected":false},"excerpt":{"rendered":"<p>Not\u00edcias do Instituto Tr\u00eas Rios\/UFRRJ<\/p>\n","protected":false},"author":4,"featured_media":0,"parent":0,"menu_order":0,"comment_status":"closed","ping_status":"closed","template":"page-2025.php","meta":{"_acf_changed":false,"editor_plus_copied_stylings":"{}","footnotes":""},"class_list":["post-51617","page","type-page","status-publish","hentry"],"acf":[],"yoast_head":"<!-- This site is optimized with the Yoast SEO plugin v28.3 - https:\/\/yoast.com\/product\/yoast-seo-wordpress\/ -->\n<title>Not\u00edcias - Campus Tr\u00eas Rios | UFRRJ<\/title>\n<meta name=\"robots\" content=\"index, follow, max-snippet:-1, max-image-preview:large, max-video-preview:-1\" \/>\n<link rel=\"canonical\" href=\"https:\/\/itr.ufrrj.br\/portal\/noticias\/\" \/>\n<link rel=\"next\" href=\"https:\/\/itr.ufrrj.br\/portal\/noticias\/51617?query-25-page=2\" \/>\n<meta property=\"og:locale\" content=\"pt_BR\" \/>\n<meta property=\"og:type\" content=\"article\" \/>\n<meta property=\"og:title\" content=\"Not\u00edcias - Campus Tr\u00eas Rios | UFRRJ\" \/>\n<meta property=\"og:description\" content=\"Not\u00edcias do Instituto Tr\u00eas Rios\/UFRRJ\" \/>\n<meta property=\"og:url\" content=\"https:\/\/itr.ufrrj.br\/portal\/noticias\/\" \/>\n<meta property=\"og:site_name\" content=\"Campus Tr\u00eas Rios | UFRRJ\" \/>\n<meta property=\"article:publisher\" content=\"https:\/\/www.facebook.com\/itr.ufrrj\" \/>\n<meta property=\"article:modified_time\" content=\"2025-06-17T11:54:07+00:00\" \/>\n<meta name=\"twitter:card\" content=\"summary_large_image\" \/>\n<meta name=\"twitter:label1\" content=\"Est. tempo de leitura\" \/>\n\t<meta name=\"twitter:data1\" content=\"1 minuto\" \/>\n<script type=\"application\/ld+json\" class=\"yoast-schema-graph\">{\"@context\":\"https:\\\/\\\/schema.org\",\"@graph\":[{\"@type\":\"WebPage\",\"@id\":\"https:\\\/\\\/itr.ufrrj.br\\\/portal\\\/noticias\\\/\",\"url\":\"https:\\\/\\\/itr.ufrrj.br\\\/portal\\\/noticias\\\/\",\"name\":\"Not\u00edcias - Campus Tr\u00eas Rios | UFRRJ\",\"isPartOf\":{\"@id\":\"https:\\\/\\\/itr.ufrrj.br\\\/portal\\\/#website\"},\"datePublished\":\"2025-06-17T11:52:53+00:00\",\"dateModified\":\"2025-06-17T11:54:07+00:00\",\"breadcrumb\":{\"@id\":\"https:\\\/\\\/itr.ufrrj.br\\\/portal\\\/noticias\\\/#breadcrumb\"},\"inLanguage\":\"pt-BR\",\"potentialAction\":[{\"@type\":\"ReadAction\",\"target\":[\"https:\\\/\\\/itr.ufrrj.br\\\/portal\\\/noticias\\\/\"]}]},{\"@type\":\"BreadcrumbList\",\"@id\":\"https:\\\/\\\/itr.ufrrj.br\\\/portal\\\/noticias\\\/#breadcrumb\",\"itemListElement\":[{\"@type\":\"ListItem\",\"position\":1,\"name\":\"In\u00edcio\",\"item\":\"https:\\\/\\\/itr.ufrrj.br\\\/portal\\\/\"},{\"@type\":\"ListItem\",\"position\":2,\"name\":\"Not\u00edcias\"}]},{\"@type\":\"WebSite\",\"@id\":\"https:\\\/\\\/itr.ufrrj.br\\\/portal\\\/#website\",\"url\":\"https:\\\/\\\/itr.ufrrj.br\\\/portal\\\/\",\"name\":\"Campus Tr\u00eas Rios | UFRRJ\",\"description\":\"Localizado na cidade de Tr\u00eas Rios - RJ\",\"publisher\":{\"@id\":\"https:\\\/\\\/itr.ufrrj.br\\\/portal\\\/#organization\"},\"potentialAction\":[{\"@type\":\"SearchAction\",\"target\":{\"@type\":\"EntryPoint\",\"urlTemplate\":\"https:\\\/\\\/itr.ufrrj.br\\\/portal\\\/?s={search_term_string}\"},\"query-input\":{\"@type\":\"PropertyValueSpecification\",\"valueRequired\":true,\"valueName\":\"search_term_string\"}}],\"inLanguage\":\"pt-BR\"},{\"@type\":\"Organization\",\"@id\":\"https:\\\/\\\/itr.ufrrj.br\\\/portal\\\/#organization\",\"name\":\"Instituto Tr\u00eas Rios\\\/UFRRJ\",\"url\":\"https:\\\/\\\/itr.ufrrj.br\\\/portal\\\/\",\"logo\":{\"@type\":\"ImageObject\",\"inLanguage\":\"pt-BR\",\"@id\":\"https:\\\/\\\/itr.ufrrj.br\\\/portal\\\/#\\\/schema\\\/logo\\\/image\\\/\",\"url\":\"https:\\\/\\\/itr.ufrrj.br\\\/portal\\\/wp-content\\\/uploads\\\/2020\\\/04\\\/logo-institutotresrios-ufrrj.png\",\"contentUrl\":\"https:\\\/\\\/itr.ufrrj.br\\\/portal\\\/wp-content\\\/uploads\\\/2020\\\/04\\\/logo-institutotresrios-ufrrj.png\",\"width\":1067,\"height\":240,\"caption\":\"Instituto Tr\u00eas Rios\\\/UFRRJ\"},\"image\":{\"@id\":\"https:\\\/\\\/itr.ufrrj.br\\\/portal\\\/#\\\/schema\\\/logo\\\/image\\\/\"},\"sameAs\":[\"https:\\\/\\\/www.facebook.com\\\/itr.ufrrj\"]}]}<\/script>\n<!-- \/ Yoast SEO plugin. -->","yoast_head_json":{"title":"Not\u00edcias - Campus Tr\u00eas Rios | UFRRJ","robots":{"index":"index","follow":"follow","max-snippet":"max-snippet:-1","max-image-preview":"max-image-preview:large","max-video-preview":"max-video-preview:-1"},"canonical":"https:\/\/itr.ufrrj.br\/portal\/noticias\/","next":"https:\/\/itr.ufrrj.br\/portal\/noticias\/51617?query-25-page=2","og_locale":"pt_BR","og_type":"article","og_title":"Not\u00edcias - Campus Tr\u00eas Rios | UFRRJ","og_description":"Not\u00edcias do Instituto Tr\u00eas Rios\/UFRRJ","og_url":"https:\/\/itr.ufrrj.br\/portal\/noticias\/","og_site_name":"Campus Tr\u00eas Rios | UFRRJ","article_publisher":"https:\/\/www.facebook.com\/itr.ufrrj","article_modified_time":"2025-06-17T11:54:07+00:00","twitter_card":"summary_large_image","twitter_misc":{"Est. tempo de leitura":"1 minuto"},"schema":{"@context":"https:\/\/schema.org","@graph":[{"@type":"WebPage","@id":"https:\/\/itr.ufrrj.br\/portal\/noticias\/","url":"https:\/\/itr.ufrrj.br\/portal\/noticias\/","name":"Not\u00edcias - Campus Tr\u00eas Rios | UFRRJ","isPartOf":{"@id":"https:\/\/itr.ufrrj.br\/portal\/#website"},"datePublished":"2025-06-17T11:52:53+00:00","dateModified":"2025-06-17T11:54:07+00:00","breadcrumb":{"@id":"https:\/\/itr.ufrrj.br\/portal\/noticias\/#breadcrumb"},"inLanguage":"pt-BR","potentialAction":[{"@type":"ReadAction","target":["https:\/\/itr.ufrrj.br\/portal\/noticias\/"]}]},{"@type":"BreadcrumbList","@id":"https:\/\/itr.ufrrj.br\/portal\/noticias\/#breadcrumb","itemListElement":[{"@type":"ListItem","position":1,"name":"In\u00edcio","item":"https:\/\/itr.ufrrj.br\/portal\/"},{"@type":"ListItem","position":2,"name":"Not\u00edcias"}]},{"@type":"WebSite","@id":"https:\/\/itr.ufrrj.br\/portal\/#website","url":"https:\/\/itr.ufrrj.br\/portal\/","name":"Campus Tr\u00eas Rios | UFRRJ","description":"Localizado na cidade de Tr\u00eas Rios - RJ","publisher":{"@id":"https:\/\/itr.ufrrj.br\/portal\/#organization"},"potentialAction":[{"@type":"SearchAction","target":{"@type":"EntryPoint","urlTemplate":"https:\/\/itr.ufrrj.br\/portal\/?s={search_term_string}"},"query-input":{"@type":"PropertyValueSpecification","valueRequired":true,"valueName":"search_term_string"}}],"inLanguage":"pt-BR"},{"@type":"Organization","@id":"https:\/\/itr.ufrrj.br\/portal\/#organization","name":"Instituto Tr\u00eas Rios\/UFRRJ","url":"https:\/\/itr.ufrrj.br\/portal\/","logo":{"@type":"ImageObject","inLanguage":"pt-BR","@id":"https:\/\/itr.ufrrj.br\/portal\/#\/schema\/logo\/image\/","url":"https:\/\/itr.ufrrj.br\/portal\/wp-content\/uploads\/2020\/04\/logo-institutotresrios-ufrrj.png","contentUrl":"https:\/\/itr.ufrrj.br\/portal\/wp-content\/uploads\/2020\/04\/logo-institutotresrios-ufrrj.png","width":1067,"height":240,"caption":"Instituto Tr\u00eas Rios\/UFRRJ"},"image":{"@id":"https:\/\/itr.ufrrj.br\/portal\/#\/schema\/logo\/image\/"},"sameAs":["https:\/\/www.facebook.com\/itr.ufrrj"]}]}},"jetpack_sharing_enabled":true,"amp_enabled":false,"_links":{"self":[{"href":"https:\/\/itr.ufrrj.br\/portal\/wp-json\/wp\/v2\/pages\/51617","targetHints":{"allow":["GET"]}}],"collection":[{"href":"https:\/\/itr.ufrrj.br\/portal\/wp-json\/wp\/v2\/pages"}],"about":[{"href":"https:\/\/itr.ufrrj.br\/portal\/wp-json\/wp\/v2\/types\/page"}],"author":[{"embeddable":true,"href":"https:\/\/itr.ufrrj.br\/portal\/wp-json\/wp\/v2\/users\/4"}],"replies":[{"embeddable":true,"href":"https:\/\/itr.ufrrj.br\/portal\/wp-json\/wp\/v2\/comments?post=51617"}],"version-history":[{"count":3,"href":"https:\/\/itr.ufrrj.br\/portal\/wp-json\/wp\/v2\/pages\/51617\/revisions"}],"predecessor-version":[{"id":51620,"href":"https:\/\/itr.ufrrj.br\/portal\/wp-json\/wp\/v2\/pages\/51617\/revisions\/51620"}],"wp:attachment":[{"href":"https:\/\/itr.ufrrj.br\/portal\/wp-json\/wp\/v2\/media?parent=51617"}],"curies":[{"name":"wp","href":"https:\/\/api.w.org\/{rel}","templated":true}]}}