{"version":"1.0","provider_name":"Programa de Acompanhamento de Egressos do Curso de Gest\u00e3o Ambiental do ITR\/UFRRJ","provider_url":"https:\/\/itr.ufrrj.br\/egressos","author_name":"Yasmin Alves","author_url":"https:\/\/itr.ufrrj.br\/egressos\/author\/yasmin-alves\/","title":"As inscri\u00e7\u00f5es est\u00e3o abertas para todo BRASIL! - Programa de Acompanhamento de Egressos do Curso de Gest\u00e3o Ambiental do ITR\/UFRRJ","type":"rich","width":600,"height":338,"html":"<blockquote class=\"wp-embedded-content\" data-secret=\"V73OKIg1V3\"><a href=\"https:\/\/itr.ufrrj.br\/egressos\/as-inscricoes-estao-abertas-para-todo-brasil\/\">As inscri\u00e7\u00f5es est\u00e3o abertas para todo BRASIL!<\/a><\/blockquote><iframe sandbox=\"allow-scripts\" security=\"restricted\" src=\"https:\/\/itr.ufrrj.br\/egressos\/as-inscricoes-estao-abertas-para-todo-brasil\/embed\/#?secret=V73OKIg1V3\" width=\"600\" height=\"338\" title=\"&#8220;As inscri\u00e7\u00f5es est\u00e3o abertas para todo BRASIL!&#8221; &#8212; Programa de Acompanhamento de Egressos do Curso de Gest\u00e3o Ambiental do ITR\/UFRRJ\" data-secret=\"V73OKIg1V3\" frameborder=\"0\" marginwidth=\"0\" marginheight=\"0\" scrolling=\"no\" class=\"wp-embedded-content\"><\/iframe><script type=\"text\/javascript\">\n\/* <![CDATA[ *\/\n\/*! This file is auto-generated *\/\n!function(d,l){\"use strict\";l.querySelector&&d.addEventListener&&\"undefined\"!=typeof URL&&(d.wp=d.wp||{},d.wp.receiveEmbedMessage||(d.wp.receiveEmbedMessage=function(e){var t=e.data;if((t||t.secret||t.message||t.value)&&!\/[^a-zA-Z0-9]\/.test(t.secret)){for(var s,r,n,a=l.querySelectorAll('iframe[data-secret=\"'+t.secret+'\"]'),o=l.querySelectorAll('blockquote[data-secret=\"'+t.secret+'\"]'),c=new RegExp(\"^https?:$\",\"i\"),i=0;i<o.length;i++)o[i].style.display=\"none\";for(i=0;i<a.length;i++)s=a[i],e.source===s.contentWindow&&(s.removeAttribute(\"style\"),\"height\"===t.message?(1e3<(r=parseInt(t.value,10))?r=1e3:~~r<200&&(r=200),s.height=r):\"link\"===t.message&&(r=new URL(s.getAttribute(\"src\")),n=new URL(t.value),c.test(n.protocol))&&n.host===r.host&&l.activeElement===s&&(d.top.location.href=t.value))}},d.addEventListener(\"message\",d.wp.receiveEmbedMessage,!1),l.addEventListener(\"DOMContentLoaded\",function(){for(var e,t,s=l.querySelectorAll(\"iframe.wp-embedded-content\"),r=0;r<s.length;r++)(t=(e=s[r]).getAttribute(\"data-secret\"))||(t=Math.random().toString(36).substring(2,12),e.src+=\"#?secret=\"+t,e.setAttribute(\"data-secret\",t)),e.contentWindow.postMessage({message:\"ready\",secret:t},\"*\")},!1)))}(window,document);\n\/\/# sourceURL=https:\/\/itr.ufrrj.br\/egressos\/wp-includes\/js\/wp-embed.min.js\n\/* ]]> *\/\n<\/script>\n","description":"\ud83c\udf0d\u2728 As inscri\u00e7\u00f5es est\u00e3o abertas para todo BRASIL! Se voc\u00ea acredita que a transforma\u00e7\u00e3o come\u00e7a nos territ\u00f3rios, esse espa\u00e7o \u00e9 pra voc\u00ea. A Escola Territorial da Agenda 2030 e Carta da Terra chega para fortalecer lideran\u00e7as, conectar pessoas e impulsionar a incid\u00eancia pol\u00edtica em defesa da justi\u00e7a clim\u00e1tica, dos direitos e da vida. Aqui, voc\u00ea [&hellip;]"}