{"id":7,"date":"2018-05-17T11:41:20","date_gmt":"2018-05-17T14:41:20","guid":{"rendered":"http:\/\/itr.ufrrj.br\/determinacaoverde\/?page_id=7"},"modified":"2023-10-11T13:14:10","modified_gmt":"2023-10-11T16:14:10","slug":"quem-somos","status":"publish","type":"page","link":"https:\/\/itr.ufrrj.br\/determinacaoverde\/quem-somos\/","title":{"rendered":"Quem somos"},"content":{"rendered":"\n<p>O DeterminA\u00c7\u00c3O VERDE \u00e9 um projeto de extens\u00e3o do curso de Gest\u00e3o Ambiental criado por alunos, professores e t\u00e9cnicos da Universidade Federal Rural do Rio de Janeiro, no campus ITR da cidade de Tr\u00eas Rios. Busca contribuir para: a difus\u00e3o do conhecimento sobre a biodiversidade; a conserva\u00e7\u00e3o da natureza; a prote\u00e7\u00e3o dos recursos naturais; a melhoria da qualidade de vida da popula\u00e7\u00e3o. Busca ainda a melhoria dos servi\u00e7os ambientais e a exposi\u00e7\u00e3o de ideias, projetos e artigos que colaborem com esta causa. \u00c9 um website na plataforma da UFRRJ que tem por principais objetivos:<\/p>\n\n\n\n<p>&#8211; Divulgar projetos que visam minimizar problemas ambientais na Microrregi\u00e3o de Tr\u00eas Rios e cidades ao redor.<br>&#8211; Divulgar informa\u00e7\u00f5es e artigos relacionados ao meio ambiente e ser um espa\u00e7o para a pr\u00e1tica da educa\u00e7\u00e3o ambiental.<br>&#8211; Analisar os problemas ambientais que ocorrem na Microrregi\u00e3o de Tr\u00eas Rios e os projetos ambientais j\u00e1 existentes propostos para minimiz\u00e1-los.<br>&#8211; Estudar as informa\u00e7\u00f5es sobre o meio ambiente na microrregi\u00e3o e identificar as lacunas no conhecimento.<br>\u2013 Divulgar editais e vagas dispon\u00edveis no mercado na \u00e1rea Ambiental de todo o pa\u00eds. <br> \u2013 Compartilhar v\u00eddeos sobre educa\u00e7\u00e3o ambiental; biodiversidade; a conserva\u00e7\u00e3o da natureza; a prote\u00e7\u00e3o dos recursos naturais; a melhoria da qualidade de vida da popula\u00e7\u00e3o.<\/p>\n\n\n\n<p>O projeto tamb\u00e9m atua nas redes sociais, via Instagram (@determinacaoverde), divulgando os conte\u00fados do portal juntamente com dicas para manter h\u00e1bitos sustent\u00e1veis no cotidiano, not\u00edcias sobre Meio Ambiente, projetos, eventos e outras p\u00e1ginas sobre o assunto.<\/p>\n\n\n\n<p>O nome &#8220;DeterminA\u00c7\u00c3O VERDE&#8221; foi criado por uma aluna participante do projeto com o intu\u00eddo de ser um nome aut\u00eantico, impactante e de sensibiliza\u00e7\u00e3o. O Projeto \u00e9 destinado a todas as pessoas f\u00edsicas ou jur\u00eddicas, institui\u00e7\u00f5es, ONGs, \u00d3rg\u00e3os que queiram participar desta A\u00c7\u00c3O por um mundo mais sustent\u00e1vel, preservado, conservado, onde h\u00e1 mais respeito com meio ambiente e assim garanti-lo para as gera\u00e7\u00f5es futuras.<\/p>\n\n\n\n<p>O DeterminA\u00c7\u00c3O VERDE acredita que com pequenas atitudes podemos contribuir muito para um ambiente ecologicamente equilibrado e essencial a sadia qualidade de vida.<\/p>\n\n\n\n<h2 class=\"wp-block-heading\"><strong>Os membros administradores deste projeto<\/strong><\/h2>\n\n\n<div class=\"wp-block-image\">\n<figure class=\"alignleft\"><a href=\"https:\/\/itr.ufrrj.br\/determinacaoverde\/wp-content\/uploads\/2018\/06\/fabio.jpg\"><img loading=\"lazy\" decoding=\"async\" width=\"150\" height=\"150\" src=\"https:\/\/itr.ufrrj.br\/determinacaoverde\/wp-content\/uploads\/2018\/06\/fabio-150x150.jpg\" alt=\"\" class=\"wp-image-115\" srcset=\"https:\/\/itr.ufrrj.br\/determinacaoverde\/wp-content\/uploads\/2018\/06\/fabio-150x150.jpg 150w, https:\/\/itr.ufrrj.br\/determinacaoverde\/wp-content\/uploads\/2018\/06\/fabio-200x200.jpg 200w, https:\/\/itr.ufrrj.br\/determinacaoverde\/wp-content\/uploads\/2018\/06\/fabio-50x50.jpg 50w\" sizes=\"auto, (max-width: 150px) 100vw, 150px\" \/><\/a><\/figure>\n<\/div>\n\n\n<h3 class=\"wp-block-heading\">F\u00e1bio Souto de Almeida<\/h3>\n\n\n\n<p>Doutor em Ci\u00eancias Ambientais e Florestais pela Universidade Federal Rural do Rio de Janeiro.<br>Tem experi\u00eancia na \u00e1rea de Ecologia, com \u00eanfase em Ecologia de Insetos, Conserva\u00e7\u00e3o da Natureza e Avalia\u00e7\u00e3o de Impactos Ambientais.<\/p>\n\n\n\n<hr class=\"wp-block-separator has-css-opacity\"\/>\n\n\n<div class=\"wp-block-image\">\n<figure class=\"alignleft\"><a href=\"https:\/\/itr.ufrrj.br\/determinacaoverde\/wp-content\/uploads\/2018\/06\/sady-menezes.jpg\"><img loading=\"lazy\" decoding=\"async\" width=\"150\" height=\"150\" src=\"https:\/\/itr.ufrrj.br\/determinacaoverde\/wp-content\/uploads\/2018\/06\/sady-menezes-150x150.jpg\" alt=\"\" class=\"wp-image-63\" srcset=\"https:\/\/itr.ufrrj.br\/determinacaoverde\/wp-content\/uploads\/2018\/06\/sady-menezes-150x150.jpg 150w, https:\/\/itr.ufrrj.br\/determinacaoverde\/wp-content\/uploads\/2018\/06\/sady-menezes-200x200.jpg 200w, https:\/\/itr.ufrrj.br\/determinacaoverde\/wp-content\/uploads\/2018\/06\/sady-menezes-50x50.jpg 50w\" sizes=\"auto, (max-width: 150px) 100vw, 150px\" \/><\/a><\/figure>\n<\/div>\n\n\n<h3 class=\"wp-block-heading\">Sady Junior Martins da Costa de Menezes<\/h3>\n\n\n\n<p>Tem experi\u00eancia na \u00e1rea de Engenharia Agr\u00edcola e Ambiental, com \u00eanfase em Hidrologia, Conserva\u00e7\u00e3o de Solo e \u00c1gua, Manejo de Bacias Hidrogr\u00e1ficas, Uso e Racionaliza\u00e7\u00e3o de Recursos H\u00eddricos, Avalia\u00e7\u00e3o de Impactos Ambientais e ferramentas de Geotecnologias: Sensoriamento Remoto e Geoprocessamento.<\/p>\n\n\n\n<hr class=\"wp-block-separator has-css-opacity\"\/>\n\n\n<div class=\"wp-block-image\">\n<figure class=\"alignleft\"><a href=\"https:\/\/itr.ufrrj.br\/determinacaoverde\/wp-content\/uploads\/2018\/06\/talita.jpg\"><img loading=\"lazy\" decoding=\"async\" width=\"150\" height=\"150\" src=\"https:\/\/itr.ufrrj.br\/determinacaoverde\/wp-content\/uploads\/2018\/06\/talita-150x150.jpg\" alt=\"\" class=\"wp-image-66\" srcset=\"https:\/\/itr.ufrrj.br\/determinacaoverde\/wp-content\/uploads\/2018\/06\/talita-150x150.jpg 150w, https:\/\/itr.ufrrj.br\/determinacaoverde\/wp-content\/uploads\/2018\/06\/talita-200x200.jpg 200w, https:\/\/itr.ufrrj.br\/determinacaoverde\/wp-content\/uploads\/2018\/06\/talita-50x50.jpg 50w\" sizes=\"auto, (max-width: 150px) 100vw, 150px\" \/><\/a><\/figure>\n<\/div>\n\n\n<h3 class=\"wp-block-heading nome\">Larissa Miranda Ribeiro<\/h3>\n\n\n\n<p>Gradua\u00e7\u00e3o em Gest\u00e3o Ambiental pela Universidade Federal Rural do Rio de Janeiro- Instituto Tr\u00eas Rios. T\u00e9cnica em Meio Ambiente &#8211; ETEC Paulistano. <\/p>\n\n\n\n<hr class=\"wp-block-separator has-css-opacity\"\/>\n\n\n<div class=\"wp-block-image\">\n<figure class=\"alignleft\"><a href=\"https:\/\/itr.ufrrj.br\/determinacaoverde\/wp-content\/uploads\/2018\/06\/andre-abdalla.jpg\"><img loading=\"lazy\" decoding=\"async\" width=\"150\" height=\"150\" src=\"https:\/\/itr.ufrrj.br\/determinacaoverde\/wp-content\/uploads\/2018\/06\/andre-abdalla-150x150.jpg\" alt=\"\" class=\"wp-image-67\" srcset=\"https:\/\/itr.ufrrj.br\/determinacaoverde\/wp-content\/uploads\/2018\/06\/andre-abdalla-150x150.jpg 150w, https:\/\/itr.ufrrj.br\/determinacaoverde\/wp-content\/uploads\/2018\/06\/andre-abdalla-50x50.jpg 50w, https:\/\/itr.ufrrj.br\/determinacaoverde\/wp-content\/uploads\/2018\/06\/andre-abdalla-120x120.jpg 120w, https:\/\/itr.ufrrj.br\/determinacaoverde\/wp-content\/uploads\/2018\/06\/andre-abdalla.jpg 166w\" sizes=\"auto, (max-width: 150px) 100vw, 150px\" \/><\/a><\/figure>\n<\/div>\n\n\n<h3 class=\"wp-block-heading has-text-align-left\">Andr\u00e9 Luiz Campos Esqueff Abdalla<\/h3>\n\n\n\n<p>Mestre em Ci\u00eancia da Computa\u00e7\u00e3o (2018) e especialista em Gest\u00e3o de Projetos de TI (2012) pela Universidade Federal de Juiz de Fora (UFJF)<\/p>\n\n\n\n<hr class=\"wp-block-separator has-css-opacity\"\/>\n\n\n<div class=\"wp-block-image\">\n<figure class=\"alignleft is-resized\"><img loading=\"lazy\" decoding=\"async\" src=\"https:\/\/itr.ufrrj.br\/determinacaoverde\/wp-content\/uploads\/2019\/10\/iasmim-rodrigues-576x1024.jpeg\" alt=\"\" class=\"wp-image-567\" style=\"width:110px;height:196px\" width=\"110\" height=\"196\" srcset=\"https:\/\/itr.ufrrj.br\/determinacaoverde\/wp-content\/uploads\/2019\/10\/iasmim-rodrigues-576x1024.jpeg 576w, https:\/\/itr.ufrrj.br\/determinacaoverde\/wp-content\/uploads\/2019\/10\/iasmim-rodrigues-169x300.jpeg 169w, https:\/\/itr.ufrrj.br\/determinacaoverde\/wp-content\/uploads\/2019\/10\/iasmim-rodrigues-68x120.jpeg 68w, https:\/\/itr.ufrrj.br\/determinacaoverde\/wp-content\/uploads\/2019\/10\/iasmim-rodrigues.jpeg 720w\" sizes=\"auto, (max-width: 110px) 100vw, 110px\" \/><\/figure>\n<\/div>\n\n\n<h4 class=\"wp-block-heading\"><strong>Ia<\/strong><strong>smin da Silva Rodrigues<\/strong><\/h4>\n\n\n\n<p>Gradua\u00e7\u00e3o em Gest\u00e3o Ambiental pela Universidade Federal Rural do Rio de Janeiro, Instituto Tr\u00eas Rios.<br><br><br><br><\/p>\n\n\n\n<hr class=\"wp-block-separator has-css-opacity\"\/>\n\n\n<div class=\"wp-block-image is-style-default\">\n<figure class=\"alignleft size-large is-resized\"><img loading=\"lazy\" decoding=\"async\" src=\"https:\/\/itr.ufrrj.br\/determinacaoverde\/wp-content\/uploads\/2020\/11\/whatsapp-image-2020-10-13-at-23-50-19-1.jpeg\" alt=\"\" class=\"wp-image-2435\" style=\"width:137px;height:183px\" width=\"137\" height=\"183\" srcset=\"https:\/\/itr.ufrrj.br\/determinacaoverde\/wp-content\/uploads\/2020\/11\/whatsapp-image-2020-10-13-at-23-50-19-1.jpeg 712w, https:\/\/itr.ufrrj.br\/determinacaoverde\/wp-content\/uploads\/2020\/11\/whatsapp-image-2020-10-13-at-23-50-19-1-224x300.jpeg 224w, https:\/\/itr.ufrrj.br\/determinacaoverde\/wp-content\/uploads\/2020\/11\/whatsapp-image-2020-10-13-at-23-50-19-1-90x120.jpeg 90w\" sizes=\"auto, (max-width: 137px) 100vw, 137px\" \/><\/figure>\n<\/div>\n\n\n<h4 class=\"wp-block-heading\"> Marcela Pinto Barbosa Vassar <\/h4>\n\n\n\n<p>Gradua\u00e7\u00e3o em Gest\u00e3o Ambiental pela Universidade Federal Rural do Rio de Janeiro, Instituto Tr\u00eas Rios. Mestranda em Pr\u00e1ticas em Desenvolvimento Sustent\u00e1vel pela UFRRJ.<br><br><\/p>\n\n\n\n<hr class=\"wp-block-separator has-css-opacity\"\/>\n\n\n\n<p><strong>Gabrielle Silva da Rocha<\/strong><\/p>\n\n\n\n<p class=\"has-text-align-left\">Discente da UFRRJ<\/p>\n\n\n\n<hr class=\"wp-block-separator has-css-opacity\"\/>\n\n\n\n<pre class=\"wp-block-preformatted\"><strong>Maria Eduarda Barros Sampaio Kopke Cabral    <\/strong>                                                                              \nGraduanda em Gest\u00e3o Ambiental pela Universidade Federal Rural do Rio de Janeiro, Instituto Tr\u00eas Rios.<\/pre>\n\n\n\n<figure class=\"wp-block-image size-large is-resized\"><img loading=\"lazy\" decoding=\"async\" src=\"https:\/\/itr.ufrrj.br\/determinacaoverde\/wp-content\/uploads\/2023\/10\/maria-eduarda-1024x576.jpg\" alt=\"\" class=\"wp-image-6327\" style=\"width:223px;height:126px\" width=\"223\" height=\"126\" srcset=\"https:\/\/itr.ufrrj.br\/determinacaoverde\/wp-content\/uploads\/2023\/10\/maria-eduarda-1024x576.jpg 1024w, https:\/\/itr.ufrrj.br\/determinacaoverde\/wp-content\/uploads\/2023\/10\/maria-eduarda-300x169.jpg 300w, https:\/\/itr.ufrrj.br\/determinacaoverde\/wp-content\/uploads\/2023\/10\/maria-eduarda-768x432.jpg 768w, https:\/\/itr.ufrrj.br\/determinacaoverde\/wp-content\/uploads\/2023\/10\/maria-eduarda-1536x864.jpg 1536w, https:\/\/itr.ufrrj.br\/determinacaoverde\/wp-content\/uploads\/2023\/10\/maria-eduarda-120x68.jpg 120w, https:\/\/itr.ufrrj.br\/determinacaoverde\/wp-content\/uploads\/2023\/10\/maria-eduarda.jpg 1600w\" sizes=\"auto, (max-width: 223px) 100vw, 223px\" \/><\/figure>\n\n\n\n<hr class=\"wp-block-separator has-alpha-channel-opacity\"\/>\n\n\n\n<p><strong>Cauan Morris Mattos da Silva<\/strong><\/p>\n\n\n\n<p>Graduando em Gest\u00e3o Ambiental pela Universidade Federal Rural do Rio de Janeiro, Instituto Tr\u00eas Rios.<\/p>\n\n\n\n<hr class=\"wp-block-separator has-css-opacity is-style-wide\"\/>\n\n\n\n<h2 class=\"wp-block-heading\"><strong>Membros Anteriores<\/strong><\/h2>\n\n\n<div class=\"wp-block-image\">\n<figure class=\"alignleft is-resized\"><img loading=\"lazy\" decoding=\"async\" src=\"https:\/\/itr.ufrrj.br\/determinacaoverde\/wp-content\/uploads\/2018\/06\/july.jpg\" alt=\"\" class=\"wp-image-65\" style=\"width:130px;height:173px\" width=\"130\" height=\"173\" srcset=\"https:\/\/itr.ufrrj.br\/determinacaoverde\/wp-content\/uploads\/2018\/06\/july.jpg 211w, https:\/\/itr.ufrrj.br\/determinacaoverde\/wp-content\/uploads\/2018\/06\/july-90x120.jpg 90w\" sizes=\"auto, (max-width: 130px) 100vw, 130px\" \/><\/figure>\n<\/div>\n\n\n<p><strong>Jully Gon\u00e7alves de Almeida <\/strong><\/p>\n\n\n\n<p>Gradua\u00e7\u00e3o em Gest\u00e3o Ambiental pela Universidade Federal Rural do Rio de Janeiro- Instituto Tr\u00eas Rios. Diretora de Comunica\u00e7\u00e3o e Marketing da Vale Verde SSA, empresa J\u00fanior de Gest\u00e3o Ambiental.\u00a0\u00a0Graduanda em Letras &#8211; UNIFRAN\u00a0 e T\u00e9c. em Agroneg\u00f3cio &#8211; SENAR. <\/p>\n\n\n\n<hr class=\"wp-block-separator has-css-opacity\"\/>\n\n\n\n<p><strong>Yan Giovanni Freitas Silva<\/strong><\/p>\n\n\n<div class=\"wp-block-image\">\n<figure class=\"alignleft\"><img decoding=\"async\" src=\"https:\/\/itr.ufrrj.br\/determinacaoverde\/wp-content\/uploads\/2018\/10\/foto-yan-150x150.jpg\" alt=\"O atributo alt desta imagem est\u00e1 vazio. O nome do arquivo \u00e9 foto-yan-150x150.jpg\"\/><\/figure>\n<\/div>\n\n\n<p> Gradua\u00e7\u00e3o em Gest\u00e3o Ambiental pela Universidade Federal Rural do Rio de Janeiro, Instituto Tr\u00eas Rios. Diretor de Administra\u00e7\u00e3o Financeira da Vale Verde SSA, empresa J\u00fanior de Gest\u00e3o Ambiental. Possui interesse nas seguintes \u00e1reas: Conserva\u00e7\u00e3o do Meio Ambiente, Consultoria Ambiental e Redu\u00e7\u00e3o de Impactos Ambientais causados por empresas, entre outras a\u00e7\u00f5es antr\u00f3picas. Bolsista de Inicia\u00e7\u00e3o Cient\u00edfica FAPERJ. <\/p>\n\n\n\n<hr class=\"wp-block-separator has-css-opacity\"\/>\n\n\n\n<p class=\"has-text-align-left\"><strong>Victoria Regina Rodrigues da Silva<\/strong><\/p>\n\n\n<div class=\"wp-block-image\">\n<figure class=\"alignleft is-resized\"><img loading=\"lazy\" decoding=\"async\" src=\"https:\/\/itr.ufrrj.br\/determinacaoverde\/wp-content\/uploads\/2019\/10\/victoria-regina-1024x1024.jpg\" alt=\"O atributo alt desta imagem est\u00e1 vazio. O nome do arquivo \u00e9 victoria-regina-1024x1024.jpg\" style=\"width:111px;height:111px\" width=\"111\" height=\"111\"\/><\/figure>\n<\/div>\n\n\n<p class=\"has-text-align-left\">Gradua\u00e7\u00e3o em Gest\u00e3o Ambiental pela Universidade Federal Rural do Rio de Janeiro, Instituto Tr\u00eas Rios. <\/p>\n\n\n\n<p><\/p>\n\n\n\n<hr class=\"wp-block-separator has-css-opacity\"\/>\n\n\n\n<p class=\"has-text-align-left\">  <strong>Jade Guimar\u00e3es Ribeiro<\/strong>  <\/p>\n\n\n<div class=\"wp-block-image\">\n<figure class=\"alignleft is-resized\"><img loading=\"lazy\" decoding=\"async\" src=\"https:\/\/itr.ufrrj.br\/determinacaoverde\/wp-content\/uploads\/2020\/02\/foto-jade-824x1024.jpeg\" alt=\"\" style=\"width:101px;height:125px\" width=\"101\" height=\"125\"\/><\/figure>\n<\/div>\n\n\n<p class=\"has-text-align-left\">Gradua\u00e7\u00e3o em Gest\u00e3o Ambiental pela Universidade Federal Rural do Rio de Janeiro, Instituto Tr\u00eas Rios.  <\/p>\n\n\n\n<p><\/p>\n\n\n\n<hr class=\"wp-block-separator has-alpha-channel-opacity\"\/>\n\n\n\n<p class=\"has-text-align-left\"><strong>Sabrina Sim\u00e3o da Silva<\/strong><\/p>\n\n\n\n<p class=\"has-text-align-left\"> Discente da UFRRJ <\/p>\n\n\n\n<hr class=\"wp-block-separator has-alpha-channel-opacity\"\/>\n\n\n<div class=\"wp-block-image\">\n<figure class=\"alignleft size-full is-resized\"><img loading=\"lazy\" decoding=\"async\" src=\"https:\/\/itr.ufrrj.br\/determinacaoverde\/wp-content\/uploads\/2022\/12\/foto-3x4-johnatan-marchiori.jpeg\" alt=\"\" class=\"wp-image-5566\" style=\"width:118px;height:160px\" width=\"118\" height=\"160\" srcset=\"https:\/\/itr.ufrrj.br\/determinacaoverde\/wp-content\/uploads\/2022\/12\/foto-3x4-johnatan-marchiori.jpeg 289w, https:\/\/itr.ufrrj.br\/determinacaoverde\/wp-content\/uploads\/2022\/12\/foto-3x4-johnatan-marchiori-222x300.jpeg 222w, https:\/\/itr.ufrrj.br\/determinacaoverde\/wp-content\/uploads\/2022\/12\/foto-3x4-johnatan-marchiori-89x120.jpeg 89w\" sizes=\"auto, (max-width: 118px) 100vw, 118px\" \/><\/figure>\n<\/div>\n\n\n<h4 class=\"wp-block-heading\">Johnatan Jair de Paula Marchiori<\/h4>\n\n\n\n<p>Eng. Agr\u00f4nomo (IFES), T\u00e9cnico em Agropecu\u00e1ria (IFES), Mestre em Fitossanidade e Biotecnologia Aplicada (UFRRJ).<\/p>\n","protected":false},"excerpt":{"rendered":"<p>O DeterminA\u00c7\u00c3O VERDE \u00e9 um projeto de extens\u00e3o do curso de Gest\u00e3o Ambiental criado por alunos, professores e t\u00e9cnicos da Universidade Federal Rural do Rio de Janeiro, no campus ITR da cidade de Tr\u00eas Rios. Busca contribuir para: a difus\u00e3o do conhecimento sobre a biodiversidade; a conserva\u00e7\u00e3o da natureza; a prote\u00e7\u00e3o dos recursos naturais; a [&hellip;]<\/p>\n","protected":false},"author":1,"featured_media":0,"parent":0,"menu_order":0,"comment_status":"closed","ping_status":"closed","template":"","meta":{"_acf_changed":false,"_exactmetrics_skip_tracking":false,"_exactmetrics_sitenote_active":false,"_exactmetrics_sitenote_note":"","_exactmetrics_sitenote_category":0,"footnotes":""},"class_list":["post-7","page","type-page","status-publish","hentry"],"acf":[],"_links":{"self":[{"href":"https:\/\/itr.ufrrj.br\/determinacaoverde\/wp-json\/wp\/v2\/pages\/7","targetHints":{"allow":["GET"]}}],"collection":[{"href":"https:\/\/itr.ufrrj.br\/determinacaoverde\/wp-json\/wp\/v2\/pages"}],"about":[{"href":"https:\/\/itr.ufrrj.br\/determinacaoverde\/wp-json\/wp\/v2\/types\/page"}],"author":[{"embeddable":true,"href":"https:\/\/itr.ufrrj.br\/determinacaoverde\/wp-json\/wp\/v2\/users\/1"}],"replies":[{"embeddable":true,"href":"https:\/\/itr.ufrrj.br\/determinacaoverde\/wp-json\/wp\/v2\/comments?post=7"}],"version-history":[{"count":57,"href":"https:\/\/itr.ufrrj.br\/determinacaoverde\/wp-json\/wp\/v2\/pages\/7\/revisions"}],"predecessor-version":[{"id":6332,"href":"https:\/\/itr.ufrrj.br\/determinacaoverde\/wp-json\/wp\/v2\/pages\/7\/revisions\/6332"}],"wp:attachment":[{"href":"https:\/\/itr.ufrrj.br\/determinacaoverde\/wp-json\/wp\/v2\/media?parent=7"}],"curies":[{"name":"wp","href":"https:\/\/api.w.org\/{rel}","templated":true}]}}